{"id":71,"date":"2016-04-13T21:40:52","date_gmt":"2016-04-13T20:40:52","guid":{"rendered":"http:\/\/paroisse-notredame-sannedolon.fr\/?page_id=71"},"modified":"2025-09-30T20:27:01","modified_gmt":"2025-09-30T19:27:01","slug":"catechese","status":"publish","type":"page","link":"https:\/\/paroisse-notredame-sannedolon.fr\/index.php\/les-jeunes\/catechese\/","title":{"rendered":"Cat\u00e9ch\u00e8se"},"content":{"rendered":"\n<div class=\"wp-block-media-text is-stacked-on-mobile\"><figure class=\"wp-block-media-text__media\"><img fetchpriority=\"high\" decoding=\"async\" width=\"1024\" height=\"985\" data-attachment-id=\"10633\" data-permalink=\"https:\/\/paroisse-notredame-sannedolon.fr\/index.php\/les-jeunes\/catechese\/piece-jointe-041-3\/\" data-orig-file=\"https:\/\/paroisse-notredame-sannedolon.fr\/mypress\/wp-content\/uploads\/2025\/09\/Piece-jointe-041.jpg\" data-orig-size=\"1138,1095\" data-comments-opened=\"1\" data-image-meta=\"{&quot;aperture&quot;:&quot;0&quot;,&quot;credit&quot;:&quot;&quot;,&quot;camera&quot;:&quot;&quot;,&quot;caption&quot;:&quot;&quot;,&quot;created_timestamp&quot;:&quot;0&quot;,&quot;copyright&quot;:&quot;&quot;,&quot;focal_length&quot;:&quot;0&quot;,&quot;iso&quot;:&quot;0&quot;,&quot;shutter_speed&quot;:&quot;0&quot;,&quot;title&quot;:&quot;&quot;,&quot;orientation&quot;:&quot;0&quot;}\" data-image-title=\"cath\u00e9ch\u00e8se 2025\" data-image-description=\"\" data-image-caption=\"\" data-large-file=\"https:\/\/paroisse-notredame-sannedolon.fr\/mypress\/wp-content\/uploads\/2025\/09\/Piece-jointe-041-1024x985.jpg\" src=\"https:\/\/paroisse-notredame-sannedolon.fr\/mypress\/wp-content\/uploads\/2025\/09\/Piece-jointe-041-1024x985.jpg\" alt=\"\" class=\"wp-image-10633 size-full\" srcset=\"https:\/\/paroisse-notredame-sannedolon.fr\/mypress\/wp-content\/uploads\/2025\/09\/Piece-jointe-041-1024x985.jpg 1024w, https:\/\/paroisse-notredame-sannedolon.fr\/mypress\/wp-content\/uploads\/2025\/09\/Piece-jointe-041-300x289.jpg 300w, https:\/\/paroisse-notredame-sannedolon.fr\/mypress\/wp-content\/uploads\/2025\/09\/Piece-jointe-041-150x144.jpg 150w, https:\/\/paroisse-notredame-sannedolon.fr\/mypress\/wp-content\/uploads\/2025\/09\/Piece-jointe-041-156x150.jpg 156w, https:\/\/paroisse-notredame-sannedolon.fr\/mypress\/wp-content\/uploads\/2025\/09\/Piece-jointe-041.jpg 1138w\" sizes=\"(max-width: 1024px) 100vw, 1024px\" \/><\/figure><div class=\"wp-block-media-text__content\">\n<p><\/p>\n\n\n\n<p class=\"has-medium-font-size\">Nous &nbsp;accueillons les enfants de 7 \u00e0 10 ans tous les mercredis de 10h \u00e0 11 h .<\/p>\n\n\n\n<p class=\"has-medium-font-size\">Pendant les 3 ou 4 ann\u00e9e de cat\u00e9chisme nous \u00e9tudions le myst\u00e8re du salut r\u00e9alis\u00e9 en J\u00e9sus Christ, tout en se calant sur le rythme liturgique de l&rsquo;\u00c9glise. Ainsi sur ces ann\u00e9es sont d\u00e9velopp\u00e9s, en s&rsquo;approfondissant progressivement, les quatre piliers de toute cat\u00e9ch\u00e8se :<br>la foi, les sacrements, la morale et la pri\u00e8re. Bien s\u00fbr, la Parole de Dieu tient une place importante pour soutenir l&rsquo;enseignement.<\/p>\n<\/div><\/div>\n\n\n\n<div class=\"wp-block-media-text has-media-on-the-right is-stacked-on-mobile\" style=\"grid-template-columns:auto 26%\"><div class=\"wp-block-media-text__content\">\n<p class=\"has-medium-font-size\">Nous \u00e9tudions :  Le \u00ab\u00a0Je crois en Dieu\u00a0\u00bb, Symbole des ap\u00f4tres, les pri\u00e8res du Notre P\u00e8re, du Je vous salue Marie et du chapelet. On explique le bapt\u00eame et la confession d\u00e8s la premi\u00e8re ann\u00e9e afin que celle-ci puisse \u00eatre pratiqu\u00e9e.<\/p>\n<\/div><figure class=\"wp-block-media-text__media\"><img decoding=\"async\" width=\"225\" height=\"248\" data-attachment-id=\"10636\" data-permalink=\"https:\/\/paroisse-notredame-sannedolon.fr\/index.php\/les-jeunes\/catechese\/reconciliation\/\" data-orig-file=\"https:\/\/paroisse-notredame-sannedolon.fr\/mypress\/wp-content\/uploads\/2025\/09\/reconciliation.jpg\" data-orig-size=\"225,248\" data-comments-opened=\"1\" data-image-meta=\"{&quot;aperture&quot;:&quot;0&quot;,&quot;credit&quot;:&quot;&quot;,&quot;camera&quot;:&quot;&quot;,&quot;caption&quot;:&quot;&quot;,&quot;created_timestamp&quot;:&quot;0&quot;,&quot;copyright&quot;:&quot;&quot;,&quot;focal_length&quot;:&quot;0&quot;,&quot;iso&quot;:&quot;0&quot;,&quot;shutter_speed&quot;:&quot;0&quot;,&quot;title&quot;:&quot;&quot;,&quot;orientation&quot;:&quot;0&quot;}\" data-image-title=\"reconciliation\" data-image-description=\"\" data-image-caption=\"\" data-large-file=\"https:\/\/paroisse-notredame-sannedolon.fr\/mypress\/wp-content\/uploads\/2025\/09\/reconciliation.jpg\" src=\"https:\/\/paroisse-notredame-sannedolon.fr\/mypress\/wp-content\/uploads\/2025\/09\/reconciliation.jpg\" alt=\"\" class=\"wp-image-10636 size-full\" srcset=\"https:\/\/paroisse-notredame-sannedolon.fr\/mypress\/wp-content\/uploads\/2025\/09\/reconciliation.jpg 225w, https:\/\/paroisse-notredame-sannedolon.fr\/mypress\/wp-content\/uploads\/2025\/09\/reconciliation-136x150.jpg 136w\" sizes=\"(max-width: 225px) 100vw, 225px\" \/><\/figure><\/div>\n\n\n\n<div class=\"wp-block-media-text is-stacked-on-mobile\" style=\"grid-template-columns:47% auto\"><figure class=\"wp-block-media-text__media\"><img decoding=\"async\" width=\"750\" height=\"420\" data-attachment-id=\"10637\" data-permalink=\"https:\/\/paroisse-notredame-sannedolon.fr\/index.php\/les-jeunes\/catechese\/communion-corps-du-christ-750x420\/\" data-orig-file=\"https:\/\/paroisse-notredame-sannedolon.fr\/mypress\/wp-content\/uploads\/2025\/09\/communion-corps-du-christ-750x420-1.jpg\" data-orig-size=\"750,420\" data-comments-opened=\"1\" data-image-meta=\"{&quot;aperture&quot;:&quot;0&quot;,&quot;credit&quot;:&quot;&quot;,&quot;camera&quot;:&quot;&quot;,&quot;caption&quot;:&quot;&quot;,&quot;created_timestamp&quot;:&quot;0&quot;,&quot;copyright&quot;:&quot;&quot;,&quot;focal_length&quot;:&quot;0&quot;,&quot;iso&quot;:&quot;0&quot;,&quot;shutter_speed&quot;:&quot;0&quot;,&quot;title&quot;:&quot;&quot;,&quot;orientation&quot;:&quot;0&quot;}\" data-image-title=\"communion-corps-du-christ-\" data-image-description=\"\" data-image-caption=\"\" data-large-file=\"https:\/\/paroisse-notredame-sannedolon.fr\/mypress\/wp-content\/uploads\/2025\/09\/communion-corps-du-christ-750x420-1.jpg\" src=\"https:\/\/paroisse-notredame-sannedolon.fr\/mypress\/wp-content\/uploads\/2025\/09\/communion-corps-du-christ-750x420-1.jpg\" alt=\"\" class=\"wp-image-10637 size-full\" srcset=\"https:\/\/paroisse-notredame-sannedolon.fr\/mypress\/wp-content\/uploads\/2025\/09\/communion-corps-du-christ-750x420-1.jpg 750w, https:\/\/paroisse-notredame-sannedolon.fr\/mypress\/wp-content\/uploads\/2025\/09\/communion-corps-du-christ-750x420-1-300x168.jpg 300w, https:\/\/paroisse-notredame-sannedolon.fr\/mypress\/wp-content\/uploads\/2025\/09\/communion-corps-du-christ-750x420-1-150x84.jpg 150w, https:\/\/paroisse-notredame-sannedolon.fr\/mypress\/wp-content\/uploads\/2025\/09\/communion-corps-du-christ-750x420-1-250x140.jpg 250w\" sizes=\"(max-width: 750px) 100vw, 750px\" \/><\/figure><div class=\"wp-block-media-text__content\">\n<p class=\"has-medium-font-size\">En deuxi\u00e8me ann\u00e9e nous d\u00e9veloppons plus particuli\u00e8rement le sacrement de l&rsquo;Eucharistie<\/p>\n<\/div><\/div>\n\n\n\n<div class=\"wp-block-media-text has-media-on-the-right is-stacked-on-mobile\" style=\"grid-template-columns:auto 46%\"><div class=\"wp-block-media-text__content\">\n<p class=\"has-medium-font-size\">Les ann\u00e9es suivantes nous consolidons l\u2019enseignement sur le Je crois en Dieu, sur les commandements de Dieu, d\u00e9taill\u00e9s et \u00e9clair\u00e9s par la loi \u00e9vang\u00e9lique, enfin sur la gr\u00e2ce et tous les sacrements repris un \u00e0 un.<br>Nous apprenons aussi aux enfants toutes les formes de pri\u00e8res&nbsp;<\/p>\n<\/div><figure class=\"wp-block-media-text__media\"><img loading=\"lazy\" decoding=\"async\" width=\"960\" height=\"640\" data-attachment-id=\"10638\" data-permalink=\"https:\/\/paroisse-notredame-sannedolon.fr\/index.php\/les-jeunes\/catechese\/mains-prieres\/\" data-orig-file=\"https:\/\/paroisse-notredame-sannedolon.fr\/mypress\/wp-content\/uploads\/2025\/09\/mains-prieres.jpg\" data-orig-size=\"960,640\" data-comments-opened=\"1\" data-image-meta=\"{&quot;aperture&quot;:&quot;0&quot;,&quot;credit&quot;:&quot;&quot;,&quot;camera&quot;:&quot;&quot;,&quot;caption&quot;:&quot;&quot;,&quot;created_timestamp&quot;:&quot;0&quot;,&quot;copyright&quot;:&quot;&quot;,&quot;focal_length&quot;:&quot;0&quot;,&quot;iso&quot;:&quot;0&quot;,&quot;shutter_speed&quot;:&quot;0&quot;,&quot;title&quot;:&quot;&quot;,&quot;orientation&quot;:&quot;0&quot;}\" data-image-title=\"mains pri\u00e8res\" data-image-description=\"\" data-image-caption=\"\" data-large-file=\"https:\/\/paroisse-notredame-sannedolon.fr\/mypress\/wp-content\/uploads\/2025\/09\/mains-prieres.jpg\" src=\"https:\/\/paroisse-notredame-sannedolon.fr\/mypress\/wp-content\/uploads\/2025\/09\/mains-prieres.jpg\" alt=\"\" class=\"wp-image-10638 size-full\" srcset=\"https:\/\/paroisse-notredame-sannedolon.fr\/mypress\/wp-content\/uploads\/2025\/09\/mains-prieres.jpg 960w, https:\/\/paroisse-notredame-sannedolon.fr\/mypress\/wp-content\/uploads\/2025\/09\/mains-prieres-300x200.jpg 300w, https:\/\/paroisse-notredame-sannedolon.fr\/mypress\/wp-content\/uploads\/2025\/09\/mains-prieres-150x100.jpg 150w, https:\/\/paroisse-notredame-sannedolon.fr\/mypress\/wp-content\/uploads\/2025\/09\/mains-prieres-225x150.jpg 225w\" sizes=\"(max-width: 960px) 100vw, 960px\" \/><\/figure><\/div>\n\n\n\n<div class=\"wp-block-media-text alignwide is-stacked-on-mobile has-large-font-size\" style=\"grid-template-columns:45% auto\"><figure class=\"wp-block-media-text__media\"><img loading=\"lazy\" decoding=\"async\" width=\"559\" height=\"421\" data-attachment-id=\"6707\" data-permalink=\"https:\/\/paroisse-notredame-sannedolon.fr\/image-article-rentree-kt\/\" data-orig-file=\"https:\/\/paroisse-notredame-sannedolon.fr\/mypress\/wp-content\/uploads\/2021\/10\/image-article-rentree-KT.jpg\" data-orig-size=\"559,421\" data-comments-opened=\"1\" data-image-meta=\"{&quot;aperture&quot;:&quot;0&quot;,&quot;credit&quot;:&quot;&quot;,&quot;camera&quot;:&quot;&quot;,&quot;caption&quot;:&quot;&quot;,&quot;created_timestamp&quot;:&quot;0&quot;,&quot;copyright&quot;:&quot;&quot;,&quot;focal_length&quot;:&quot;0&quot;,&quot;iso&quot;:&quot;0&quot;,&quot;shutter_speed&quot;:&quot;0&quot;,&quot;title&quot;:&quot;&quot;,&quot;orientation&quot;:&quot;0&quot;}\" data-image-title=\"image-article-rentree-KT\" data-image-description=\"\" data-image-caption=\"\" data-large-file=\"https:\/\/paroisse-notredame-sannedolon.fr\/mypress\/wp-content\/uploads\/2021\/10\/image-article-rentree-KT.jpg\" src=\"https:\/\/paroisse-notredame-sannedolon.fr\/mypress\/wp-content\/uploads\/2021\/10\/image-article-rentree-KT.jpg\" alt=\"\" class=\"wp-image-6707 size-full\" srcset=\"https:\/\/paroisse-notredame-sannedolon.fr\/mypress\/wp-content\/uploads\/2021\/10\/image-article-rentree-KT.jpg 559w, https:\/\/paroisse-notredame-sannedolon.fr\/mypress\/wp-content\/uploads\/2021\/10\/image-article-rentree-KT-300x226.jpg 300w, https:\/\/paroisse-notredame-sannedolon.fr\/mypress\/wp-content\/uploads\/2021\/10\/image-article-rentree-KT-150x113.jpg 150w\" sizes=\"(max-width: 559px) 100vw, 559px\" \/><\/figure><div class=\"wp-block-media-text__content\">\n<p style=\"font-size:20px\">Nous commen\u00e7ons chaque rencontre par un temps de pri\u00e8re ( par une dizaine de chapelet) et d\u2019adoration devant le Saint Sacrement expos\u00e9 \u00e0 l\u2019\u00e9glise apr\u00e8s la messe de 9h<\/p>\n<\/div><\/div>\n\n\n\n<div class=\"wp-block-media-text has-media-on-the-right is-stacked-on-mobile\" style=\"grid-template-columns:auto 42%\"><div class=\"wp-block-media-text__content\">\n<p class=\"has-medium-font-size\">Les enfants font leur premi\u00e8re communion , en CM1 g\u00e9n\u00e9ralement. Nous les pr\u00e9parons toute l\u2019ann\u00e9e et la veille de leur communion nous organisons une petite retraite au Carmel de Surieu .<\/p>\n<\/div><figure class=\"wp-block-media-text__media\"><img loading=\"lazy\" decoding=\"async\" width=\"1024\" height=\"680\" data-attachment-id=\"9606\" data-permalink=\"https:\/\/paroisse-notredame-sannedolon.fr\/surieu-carmel-fiche-1_resize-2\/\" data-orig-file=\"https:\/\/paroisse-notredame-sannedolon.fr\/mypress\/wp-content\/uploads\/2024\/12\/surieu-carmel-fiche-1_resize.jpg\" data-orig-size=\"1100,730\" data-comments-opened=\"1\" data-image-meta=\"{&quot;aperture&quot;:&quot;4.5&quot;,&quot;credit&quot;:&quot;&quot;,&quot;camera&quot;:&quot;NIKON D800&quot;,&quot;caption&quot;:&quot;&quot;,&quot;created_timestamp&quot;:&quot;1397573941&quot;,&quot;copyright&quot;:&quot;&quot;,&quot;focal_length&quot;:&quot;80&quot;,&quot;iso&quot;:&quot;280&quot;,&quot;shutter_speed&quot;:&quot;0.0005&quot;,&quot;title&quot;:&quot;&quot;,&quot;orientation&quot;:&quot;1&quot;}\" data-image-title=\"surieu-carmel\" data-image-description=\"\" data-image-caption=\"\" data-large-file=\"https:\/\/paroisse-notredame-sannedolon.fr\/mypress\/wp-content\/uploads\/2024\/12\/surieu-carmel-fiche-1_resize-1024x680.jpg\" src=\"https:\/\/paroisse-notredame-sannedolon.fr\/mypress\/wp-content\/uploads\/2024\/12\/surieu-carmel-fiche-1_resize-1024x680.jpg\" alt=\"\" class=\"wp-image-9606 size-full\" srcset=\"https:\/\/paroisse-notredame-sannedolon.fr\/mypress\/wp-content\/uploads\/2024\/12\/surieu-carmel-fiche-1_resize-1024x680.jpg 1024w, https:\/\/paroisse-notredame-sannedolon.fr\/mypress\/wp-content\/uploads\/2024\/12\/surieu-carmel-fiche-1_resize-300x199.jpg 300w, https:\/\/paroisse-notredame-sannedolon.fr\/mypress\/wp-content\/uploads\/2024\/12\/surieu-carmel-fiche-1_resize-150x100.jpg 150w, https:\/\/paroisse-notredame-sannedolon.fr\/mypress\/wp-content\/uploads\/2024\/12\/surieu-carmel-fiche-1_resize-226x150.jpg 226w, https:\/\/paroisse-notredame-sannedolon.fr\/mypress\/wp-content\/uploads\/2024\/12\/surieu-carmel-fiche-1_resize.jpg 1100w\" sizes=\"(max-width: 1024px) 100vw, 1024px\" \/><\/figure><\/div>\n\n\n\n<p style=\"font-size:20px\"><\/p>\n\n\n\n<p style=\"font-size:20px\"><br><\/p>\n\n\n\n<p><a href=\"https:\/\/paroisse-notredame-sannedolon.fr\/index.php\/2025\/04\/15\/marche-des-rameaux-3\/\" data-type=\"post\" data-id=\"10021\">Marche des Rameaux<\/a><\/p>\n\n\n\n<p><\/p>\n\n\n\n<p><\/p>\n\n\n\n<p><\/p>\n\n\n\n<p><\/p>\n","protected":false},"excerpt":{"rendered":"<p>Nous &nbsp;accueillons les enfants de 7 \u00e0 10 ans tous les mercredis de 10h \u00e0 11 h . Pendant les 3 ou 4 ann\u00e9e de cat\u00e9chisme nous \u00e9tudions le myst\u00e8re du salut r\u00e9alis\u00e9 en J\u00e9sus Christ, tout en se calant sur le rythme liturgique de l&rsquo;\u00c9glise. Ainsi sur ces ann\u00e9es \u2026 <a class=\"continue-reading-link\" href=\"https:\/\/paroisse-notredame-sannedolon.fr\/index.php\/les-jeunes\/catechese\/\">Lire la suite <span class=\"meta-nav\">&rarr; <\/span><\/a><\/p>\n","protected":false},"author":1,"featured_media":0,"parent":159,"menu_order":0,"comment_status":"closed","ping_status":"closed","template":"","meta":{"jetpack_post_was_ever_published":false,"footnotes":""},"class_list":["post-71","page","type-page","status-publish","hentry"],"jetpack_sharing_enabled":true,"jetpack_shortlink":"https:\/\/wp.me\/P7rrt2-19","_links":{"self":[{"href":"https:\/\/paroisse-notredame-sannedolon.fr\/index.php\/wp-json\/wp\/v2\/pages\/71","targetHints":{"allow":["GET"]}}],"collection":[{"href":"https:\/\/paroisse-notredame-sannedolon.fr\/index.php\/wp-json\/wp\/v2\/pages"}],"about":[{"href":"https:\/\/paroisse-notredame-sannedolon.fr\/index.php\/wp-json\/wp\/v2\/types\/page"}],"author":[{"embeddable":true,"href":"https:\/\/paroisse-notredame-sannedolon.fr\/index.php\/wp-json\/wp\/v2\/users\/1"}],"replies":[{"embeddable":true,"href":"https:\/\/paroisse-notredame-sannedolon.fr\/index.php\/wp-json\/wp\/v2\/comments?post=71"}],"version-history":[{"count":34,"href":"https:\/\/paroisse-notredame-sannedolon.fr\/index.php\/wp-json\/wp\/v2\/pages\/71\/revisions"}],"predecessor-version":[{"id":10643,"href":"https:\/\/paroisse-notredame-sannedolon.fr\/index.php\/wp-json\/wp\/v2\/pages\/71\/revisions\/10643"}],"up":[{"embeddable":true,"href":"https:\/\/paroisse-notredame-sannedolon.fr\/index.php\/wp-json\/wp\/v2\/pages\/159"}],"wp:attachment":[{"href":"https:\/\/paroisse-notredame-sannedolon.fr\/index.php\/wp-json\/wp\/v2\/media?parent=71"}],"curies":[{"name":"wp","href":"https:\/\/api.w.org\/{rel}","templated":true}]}}