{"id":257,"date":"2016-06-05T20:52:45","date_gmt":"2016-06-05T19:52:45","guid":{"rendered":"http:\/\/paroisse-notredame-sannedolon.fr\/?page_id=257"},"modified":"2025-11-22T22:01:24","modified_gmt":"2025-11-22T21:01:24","slug":"assieu","status":"publish","type":"page","link":"https:\/\/paroisse-notredame-sannedolon.fr\/index.php\/nos-clochers\/assieu\/","title":{"rendered":"Assieu"},"content":{"rendered":"\n<div class=\"wp-block-media-text has-media-on-the-right is-stacked-on-mobile\" style=\"grid-template-columns:auto 38%\"><div class=\"wp-block-media-text__content\">\n<p class=\"has-medium-font-size\"><strong>\u00c9glise Saint Pierre-aux-liens<\/strong> <br><strong>Br\u00e8ve histoire de l&rsquo;\u00e9glise d&rsquo;Assieu<\/strong><\/p>\n<\/div><figure class=\"wp-block-media-text__media\"><img fetchpriority=\"high\" decoding=\"async\" width=\"375\" height=\"500\" data-attachment-id=\"258\" data-permalink=\"https:\/\/paroisse-notredame-sannedolon.fr\/index.php\/nos-clochers\/assieu\/eglise-assieu-2\/\" data-orig-file=\"https:\/\/paroisse-notredame-sannedolon.fr\/mypress\/wp-content\/uploads\/2016\/06\/\u00e9glise-Assieu-2.jpg\" data-orig-size=\"375,500\" data-comments-opened=\"1\" data-image-meta=\"{&quot;aperture&quot;:&quot;5.6&quot;,&quot;credit&quot;:&quot;&quot;,&quot;camera&quot;:&quot;DSC-P100&quot;,&quot;caption&quot;:&quot;&quot;,&quot;created_timestamp&quot;:&quot;1192364690&quot;,&quot;copyright&quot;:&quot;&quot;,&quot;focal_length&quot;:&quot;7.9&quot;,&quot;iso&quot;:&quot;100&quot;,&quot;shutter_speed&quot;:&quot;0.0015625&quot;,&quot;title&quot;:&quot;&quot;,&quot;orientation&quot;:&quot;1&quot;}\" data-image-title=\"\u00e9glise Assieu 2\" data-image-description=\"\" data-image-caption=\"\" data-large-file=\"https:\/\/paroisse-notredame-sannedolon.fr\/mypress\/wp-content\/uploads\/2016\/06\/\u00e9glise-Assieu-2.jpg\" src=\"https:\/\/paroisse-notredame-sannedolon.fr\/mypress\/wp-content\/uploads\/2016\/06\/\u00e9glise-Assieu-2.jpg\" alt=\"\" class=\"wp-image-258 size-full\" srcset=\"https:\/\/paroisse-notredame-sannedolon.fr\/mypress\/wp-content\/uploads\/2016\/06\/\u00e9glise-Assieu-2.jpg 375w, https:\/\/paroisse-notredame-sannedolon.fr\/mypress\/wp-content\/uploads\/2016\/06\/\u00e9glise-Assieu-2-225x300.jpg 225w, https:\/\/paroisse-notredame-sannedolon.fr\/mypress\/wp-content\/uploads\/2016\/06\/\u00e9glise-Assieu-2-113x150.jpg 113w\" sizes=\"(max-width: 375px) 100vw, 375px\" \/><\/figure><\/div>\n\n\n\n<p class=\"has-medium-font-size\">\u00c9poque romaine : existence d&rsquo;une communaut\u00e9 attest\u00e9e par plusieurs d\u00e9couvertes<br>de tuiles romaines<br>1075 : Un lieu de culte d\u00e9di\u00e9 \u00e0 St Pierre est mentionn\u00e9 dans une charte contenue<br>dans le cartulaire de St Andr\u00e9 le Bas.<br>1661 : le parcellaire montre l&#8217;emplacement d&rsquo;une \u00e9glise. Cet emplacement est<br>confirm\u00e9 par !e cadastre napol\u00e9onien de 1813 et le plan g\u00e9om\u00e9tral de l&rsquo;ancienne cure<br>lev\u00e9 en 1819.<br>Cette \u00e9glise primitive, en plan \u00e0 croix latine \u00e9tait de petite dimension : 17 m de long<br>pour 16 m de large et \u00e9tait entour\u00e9 de la cure et du cimeti\u00e8re.<br>1790 : Assieu devient une commune, s\u00e9par\u00e9e de la seigneurie de Surieu. Sa<br>population est alors de 621 habitants.<br>Ann\u00e9es 1820 \u00e0 1860 : Ie clocher et une fa\u00e7ade de L\u2019\u00e9glise menace de s&rsquo;effondrer,<br>l&rsquo;\u00e9glise est d\u00e9sormais trop petite (725 habitants). Le conseil municipal s&rsquo;interroge sur<br>les travaux \u00e0 mener : r\u00e9paration, agrandissement ou reconstruction \u00e0 neuf ?<br>1861 : Projet de d\u00e9placer le cimeti\u00e8re si l&rsquo;on veut faire des travaux sur l&rsquo;\u00e9glise d&rsquo;autant<br>qu&rsquo;il est jug\u00e9 trop petit et que \u00a0\u00bb les tombes sont foul\u00e9es au pied \u00bb>. Il le sera autour de<br>1864.<br><\/p>\n\n\n\n<div class=\"wp-block-media-text has-media-on-the-right is-stacked-on-mobile\" style=\"grid-template-columns:auto 40%\"><div class=\"wp-block-media-text__content\">\n<p class=\"has-medium-font-size\">1862 &#8211; 1865 : Apr\u00e8s 40 ans de r\u00e9flexion, sous la pression populaire, ! <br>La reconstruction \u00e0 neuf. au m\u00eame emplacement est confi\u00e9 \u00e0 l&rsquo;architecte Lucien<br>Couturier. ll pr\u00e9voit de d\u00e9molir l&rsquo;ancien \u00e9difice et d&rsquo;en reb\u00e2tir un tr\u00e8s ambitieux pourvu<br>de vo\u00fbtes tr\u00e8s hautes (vo\u00fbtes lambriss\u00e9es plus l\u00e9g\u00e8res, ne n\u00e9cessitant pas de<br>contreforts mais juste 4 tirants m\u00e9talliques). Ce projet est contest\u00e9 par l&rsquo;architecte du<br>service des \u00e9difices du dioc\u00e8se de Grenoble. En 1865, l&rsquo;architecte demande des<br>v\u00e9rifications des fondations au ma\u00eetre d&rsquo;ouvrage. En effet, des fissures sont apparues<br>et la vo\u00fbte est mena\u00e7ante d&rsquo;o\u00f9 le d\u00e9but de Iongs travaux d&rsquo;entretien. ll semblerait que<br>Ies fondations de L\u2019\u00e9difice ne reposent.pas sur du \u00ab&lt; bon sol \u00bb, celui-ci \u00e9tant constitu\u00e9<br>sur environ 12m de profondeur d&rsquo;argile.<\/p>\n<\/div><figure class=\"wp-block-media-text__media\"><img decoding=\"async\" width=\"402\" height=\"600\" data-attachment-id=\"10934\" data-permalink=\"https:\/\/paroisse-notredame-sannedolon.fr\/eglise_assieu-1\/\" data-orig-file=\"https:\/\/paroisse-notredame-sannedolon.fr\/mypress\/wp-content\/uploads\/2025\/11\/eglise_assieu-1.jpg\" data-orig-size=\"402,600\" data-comments-opened=\"1\" data-image-meta=\"{&quot;aperture&quot;:&quot;0&quot;,&quot;credit&quot;:&quot;&quot;,&quot;camera&quot;:&quot;&quot;,&quot;caption&quot;:&quot;&quot;,&quot;created_timestamp&quot;:&quot;0&quot;,&quot;copyright&quot;:&quot;&quot;,&quot;focal_length&quot;:&quot;0&quot;,&quot;iso&quot;:&quot;0&quot;,&quot;shutter_speed&quot;:&quot;0&quot;,&quot;title&quot;:&quot;&quot;,&quot;orientation&quot;:&quot;0&quot;}\" data-image-title=\"eglise_assieu-1\" data-image-description=\"\" data-image-caption=\"\" data-large-file=\"https:\/\/paroisse-notredame-sannedolon.fr\/mypress\/wp-content\/uploads\/2025\/11\/eglise_assieu-1.jpg\" src=\"https:\/\/paroisse-notredame-sannedolon.fr\/mypress\/wp-content\/uploads\/2025\/11\/eglise_assieu-1.jpg\" alt=\"\" class=\"wp-image-10934 size-full\" srcset=\"https:\/\/paroisse-notredame-sannedolon.fr\/mypress\/wp-content\/uploads\/2025\/11\/eglise_assieu-1.jpg 402w, https:\/\/paroisse-notredame-sannedolon.fr\/mypress\/wp-content\/uploads\/2025\/11\/eglise_assieu-1-201x300.jpg 201w, https:\/\/paroisse-notredame-sannedolon.fr\/mypress\/wp-content\/uploads\/2025\/11\/eglise_assieu-1-101x150.jpg 101w\" sizes=\"(max-width: 402px) 100vw, 402px\" \/><\/figure><\/div>\n\n\n\n<p class=\"has-medium-font-size\">A noter que lors de cette construction, le budget initialement pr\u00e9vu ayant \u00e9t\u00e9 d\u00e9pass\u00e9 (1200<br>francs en plus des 21 576 francs), la commune doit vendre des terrains communaux en Louze.<br>1870 : Cr\u00e9ation d&rsquo;un escalier avec une rampe devant le perron<br>1880 : Don d&rsquo;une horloge sur le clocher par la famille Roux -reprise des murs de sout\u00e8nements en galets<br>1884: R\u00e9paration de vitraux cass\u00e9s<br>en 1883 par Ia gr\u00eale.<br>1893 : Besoin de grandes r\u00e9parations sur cette \u00e9glise qui n&rsquo;a que 25 ans : ( la toiture peut<br>s&rsquo;effondrer au premier jour et faire arriver de graves accidents, les murs sont l\u00e9zard\u00e9s et ont<br>besoin de contreforts \u00bb.<br>D&rsquo;immenses travaux de sauvetage du b\u00e2timent sont entrepris par L\u2019architecte<br>Rivoire (18264 francs) :cr\u00e9ation compl\u00e8te de 19 contreforts ext\u00e9rieurs le vingti\u00e8me<br>\u00e9tant impossible \u00e0 construire car reposant sur le terrain d&rsquo;un priv\u00e9 (suppression de tirants int\u00e9rieurs), nouvelles fondations plus profondes en b\u00e9ton de chaux hydrauliques et graviers, retrait total des anciennes vo\u00fbtes (remplac\u00e9s par des vo\u00fbtes en briques creuses) , de la<br> charpente et du toit dont les tuiles seront plus l\u00e9g\u00e8res car en tuiles \u00e0 embo\u00eetement (et non en tuiles creuses qui \u00e9taient plus lourdes), rebouchage de certaines fen\u00eatres, r\u00e9paration de la<br>fl\u00e8che du clocher, r\u00e9fection des enduits et du dallage int\u00e9rieur en ciment, r\u00e9fections en ciment de nombreux \u00e9l\u00e9ments (marches de perrons, soubassements etc).<br>La d\u00e9coration int\u00e9rieure est refaite ainsi qu&rsquo;une fa\u00e7ade d&rsquo;entr\u00e9e avec rosace.<br>1975- 76 : Grande campagne de travaux d&rsquo;entretien (architectes Richard) avec la r\u00e9fection du clocher et de la fa\u00e7ade d&rsquo;entr\u00e9e, mise en place d&rsquo;un paratonnerre sur la pointe du clocher, r\u00e9 installation de la croix du clocher qui \u00e9tait tomb\u00e9e dans les ann\u00e9es 1950, , remise en \u00e9tat et<br>\u00e9lectrification des horloges et des cloches, pose de grilles de<br>protection ext\u00e9rieure des vitraux\u2026. <br>2019: Projet de requalification du centre bourg. A cette occasion, un diagnostique est<br>fait au niveau de l&rsquo;\u00e9glise. ll d\u00e9montre qu&rsquo;en cas de travaux, le b\u00e2timent qui pr\u00e9sente<br>des fissures int\u00e9rieures, ext\u00e9rieures et des d\u00e9g\u00e2ts au niveau du chevet (derri\u00e8re le<br>ch\u0153ur) pourrait \u00eatre endommag\u00e9.<br>2020-2021 : Travaux (soutien financier de la Fondation du Patrimoine et de sa<br>souscription publique). Consolidation des murs du chevet, correction des d\u00e9fauts de la<br>charpente pour \u00e9quilibrer les charges, restauration des murs ext\u00e9rieurs de<br>sout\u00e8nement, restauration et r\u00e9paration des vitraux, remise aux normes de l&rsquo;\u00e9lectricit\u00e9,<br>travaux sur la chaufferie, r\u00e9novation et assainissement de la sacristie, travaux de peinture int\u00e9rieur, cr\u00e9ation d&rsquo;un second escalier et am\u00e9nagement des abords de l&rsquo;\u00e9glise.<\/p>\n\n\n\n<div class=\"wp-block-jetpack-tiled-gallery aligncenter is-style-rectangular\"><div class=\"\"><div class=\"tiled-gallery__gallery\"><div class=\"tiled-gallery__row\"><div class=\"tiled-gallery__col\" style=\"flex-basis:66.74757%\"><figure class=\"tiled-gallery__item\"><img decoding=\"async\" data-attachment-id=\"10649\" data-permalink=\"https:\/\/paroisse-notredame-sannedolon.fr\/pxl_20250929_130130000\/\" data-orig-file=\"https:\/\/paroisse-notredame-sannedolon.fr\/mypress\/wp-content\/uploads\/2025\/09\/PXL_20250929_130130000-scaled.jpg\" data-orig-size=\"1928,2560\" data-comments-opened=\"1\" data-image-meta=\"{&quot;aperture&quot;:&quot;1.68&quot;,&quot;credit&quot;:&quot;&quot;,&quot;camera&quot;:&quot;Pixel 9 Pro&quot;,&quot;caption&quot;:&quot;&quot;,&quot;created_timestamp&quot;:&quot;1759158090&quot;,&quot;copyright&quot;:&quot;&quot;,&quot;focal_length&quot;:&quot;6.9&quot;,&quot;iso&quot;:&quot;22&quot;,&quot;shutter_speed&quot;:&quot;0.006141&quot;,&quot;title&quot;:&quot;&quot;,&quot;orientation&quot;:&quot;1&quot;}\" data-image-title=\"eglise assieu\" data-image-description=\"\" data-image-caption=\"\" data-large-file=\"https:\/\/paroisse-notredame-sannedolon.fr\/mypress\/wp-content\/uploads\/2025\/09\/PXL_20250929_130130000-771x1024.jpg\" data-attachment-id=\"10649\" data-permalink=\"https:\/\/paroisse-notredame-sannedolon.fr\/pxl_20250929_130130000\/\" data-orig-file=\"https:\/\/paroisse-notredame-sannedolon.fr\/mypress\/wp-content\/uploads\/2025\/09\/PXL_20250929_130130000-scaled.jpg\" data-orig-size=\"1928,2560\" data-comments-opened=\"1\" data-image-meta=\"{&quot;aperture&quot;:&quot;1.68&quot;,&quot;credit&quot;:&quot;&quot;,&quot;camera&quot;:&quot;Pixel 9 Pro&quot;,&quot;caption&quot;:&quot;&quot;,&quot;created_timestamp&quot;:&quot;1759158090&quot;,&quot;copyright&quot;:&quot;&quot;,&quot;focal_length&quot;:&quot;6.9&quot;,&quot;iso&quot;:&quot;22&quot;,&quot;shutter_speed&quot;:&quot;0.006141&quot;,&quot;title&quot;:&quot;&quot;,&quot;orientation&quot;:&quot;1&quot;}\" data-image-title=\"eglise assieu\" data-image-description=\"\" data-image-caption=\"\" data-large-file=\"https:\/\/paroisse-notredame-sannedolon.fr\/mypress\/wp-content\/uploads\/2025\/09\/PXL_20250929_130130000-771x1024.jpg\" role=\"button\" tabindex=\"0\" aria-label=\"Ouvrir l\u2019image 1 sur 10 en plein \u00e9cran\"srcset=\"https:\/\/i0.wp.com\/paroisse-notredame-sannedolon.fr\/mypress\/wp-content\/uploads\/2025\/09\/PXL_20250929_130130000-771x1024.jpg?strip=info&#038;w=600&#038;ssl=1 600w,https:\/\/i0.wp.com\/paroisse-notredame-sannedolon.fr\/mypress\/wp-content\/uploads\/2025\/09\/PXL_20250929_130130000-771x1024.jpg?strip=info&#038;w=900&#038;ssl=1 900w,https:\/\/i0.wp.com\/paroisse-notredame-sannedolon.fr\/mypress\/wp-content\/uploads\/2025\/09\/PXL_20250929_130130000-771x1024.jpg?strip=info&#038;w=1200&#038;ssl=1 1200w,https:\/\/i0.wp.com\/paroisse-notredame-sannedolon.fr\/mypress\/wp-content\/uploads\/2025\/09\/PXL_20250929_130130000-771x1024.jpg?strip=info&#038;w=1500&#038;ssl=1 1500w,https:\/\/i0.wp.com\/paroisse-notredame-sannedolon.fr\/mypress\/wp-content\/uploads\/2025\/09\/PXL_20250929_130130000-771x1024.jpg?strip=info&#038;w=1800&#038;ssl=1 1800w,https:\/\/i0.wp.com\/paroisse-notredame-sannedolon.fr\/mypress\/wp-content\/uploads\/2025\/09\/PXL_20250929_130130000-771x1024.jpg?strip=info&#038;w=1928&#038;ssl=1 1928w\" alt=\"\" data-height=\"2560\" data-id=\"10649\" data-link=\"https:\/\/paroisse-notredame-sannedolon.fr\/pxl_20250929_130130000\/\" data-url=\"https:\/\/paroisse-notredame-sannedolon.fr\/mypress\/wp-content\/uploads\/2025\/09\/PXL_20250929_130130000-771x1024.jpg\" data-width=\"1928\" src=\"https:\/\/i0.wp.com\/paroisse-notredame-sannedolon.fr\/mypress\/wp-content\/uploads\/2025\/09\/PXL_20250929_130130000-771x1024.jpg?ssl=1\" data-amp-layout=\"responsive\"\/><\/figure><\/div><div class=\"tiled-gallery__col\" style=\"flex-basis:33.25243%\"><figure class=\"tiled-gallery__item\"><img decoding=\"async\" data-attachment-id=\"10652\" data-permalink=\"https:\/\/paroisse-notredame-sannedolon.fr\/pxl_20250929_1308494174-2\/\" data-orig-file=\"https:\/\/paroisse-notredame-sannedolon.fr\/mypress\/wp-content\/uploads\/2025\/09\/PXL_20250929_1308494174-1-scaled.jpg\" data-orig-size=\"1517,2560\" data-comments-opened=\"1\" data-image-meta=\"{&quot;aperture&quot;:&quot;1.68&quot;,&quot;credit&quot;:&quot;&quot;,&quot;camera&quot;:&quot;Pixel 9 Pro&quot;,&quot;caption&quot;:&quot;&quot;,&quot;created_timestamp&quot;:&quot;1759158529&quot;,&quot;copyright&quot;:&quot;&quot;,&quot;focal_length&quot;:&quot;6.9&quot;,&quot;iso&quot;:&quot;21&quot;,&quot;shutter_speed&quot;:&quot;0.00422&quot;,&quot;title&quot;:&quot;&quot;,&quot;orientation&quot;:&quot;1&quot;}\" data-image-title=\"eglise Assieu\" data-image-description=\"\" data-image-caption=\"\" data-large-file=\"https:\/\/paroisse-notredame-sannedolon.fr\/mypress\/wp-content\/uploads\/2025\/09\/PXL_20250929_1308494174-1-607x1024.jpg\" data-attachment-id=\"10652\" data-permalink=\"https:\/\/paroisse-notredame-sannedolon.fr\/pxl_20250929_1308494174-2\/\" data-orig-file=\"https:\/\/paroisse-notredame-sannedolon.fr\/mypress\/wp-content\/uploads\/2025\/09\/PXL_20250929_1308494174-1-scaled.jpg\" data-orig-size=\"1517,2560\" data-comments-opened=\"1\" data-image-meta=\"{&quot;aperture&quot;:&quot;1.68&quot;,&quot;credit&quot;:&quot;&quot;,&quot;camera&quot;:&quot;Pixel 9 Pro&quot;,&quot;caption&quot;:&quot;&quot;,&quot;created_timestamp&quot;:&quot;1759158529&quot;,&quot;copyright&quot;:&quot;&quot;,&quot;focal_length&quot;:&quot;6.9&quot;,&quot;iso&quot;:&quot;21&quot;,&quot;shutter_speed&quot;:&quot;0.00422&quot;,&quot;title&quot;:&quot;&quot;,&quot;orientation&quot;:&quot;1&quot;}\" data-image-title=\"eglise Assieu\" data-image-description=\"\" data-image-caption=\"\" data-large-file=\"https:\/\/paroisse-notredame-sannedolon.fr\/mypress\/wp-content\/uploads\/2025\/09\/PXL_20250929_1308494174-1-607x1024.jpg\" role=\"button\" tabindex=\"0\" aria-label=\"Ouvrir l\u2019image 2 sur 10 en plein \u00e9cran\"srcset=\"https:\/\/i0.wp.com\/paroisse-notredame-sannedolon.fr\/mypress\/wp-content\/uploads\/2025\/09\/PXL_20250929_1308494174-1-607x1024.jpg?strip=info&#038;w=600&#038;ssl=1 600w,https:\/\/i0.wp.com\/paroisse-notredame-sannedolon.fr\/mypress\/wp-content\/uploads\/2025\/09\/PXL_20250929_1308494174-1-607x1024.jpg?strip=info&#038;w=900&#038;ssl=1 900w,https:\/\/i0.wp.com\/paroisse-notredame-sannedolon.fr\/mypress\/wp-content\/uploads\/2025\/09\/PXL_20250929_1308494174-1-607x1024.jpg?strip=info&#038;w=1200&#038;ssl=1 1200w,https:\/\/i0.wp.com\/paroisse-notredame-sannedolon.fr\/mypress\/wp-content\/uploads\/2025\/09\/PXL_20250929_1308494174-1-607x1024.jpg?strip=info&#038;w=1500&#038;ssl=1 1500w,https:\/\/i0.wp.com\/paroisse-notredame-sannedolon.fr\/mypress\/wp-content\/uploads\/2025\/09\/PXL_20250929_1308494174-1-607x1024.jpg?strip=info&#038;w=1517&#038;ssl=1 1517w\" alt=\"\" data-height=\"2560\" data-id=\"10652\" data-link=\"https:\/\/paroisse-notredame-sannedolon.fr\/pxl_20250929_1308494174-2\/\" data-url=\"https:\/\/paroisse-notredame-sannedolon.fr\/mypress\/wp-content\/uploads\/2025\/09\/PXL_20250929_1308494174-1-607x1024.jpg\" data-width=\"1517\" src=\"https:\/\/i0.wp.com\/paroisse-notredame-sannedolon.fr\/mypress\/wp-content\/uploads\/2025\/09\/PXL_20250929_1308494174-1-607x1024.jpg?ssl=1\" data-amp-layout=\"responsive\"\/><\/figure><\/div><div class=\"tiled-gallery__col\"><figure class=\"tiled-gallery__item\"><img decoding=\"async\" data-attachment-id=\"10653\" data-permalink=\"https:\/\/paroisse-notredame-sannedolon.fr\/pxl_20250929_130844533\/\" data-orig-file=\"https:\/\/paroisse-notredame-sannedolon.fr\/mypress\/wp-content\/uploads\/2025\/09\/PXL_20250929_130844533-scaled.jpg\" data-orig-size=\"1928,2560\" data-comments-opened=\"1\" data-image-meta=\"{&quot;aperture&quot;:&quot;1.68&quot;,&quot;credit&quot;:&quot;&quot;,&quot;camera&quot;:&quot;Pixel 9 Pro&quot;,&quot;caption&quot;:&quot;&quot;,&quot;created_timestamp&quot;:&quot;1759158524&quot;,&quot;copyright&quot;:&quot;&quot;,&quot;focal_length&quot;:&quot;6.9&quot;,&quot;iso&quot;:&quot;20&quot;,&quot;shutter_speed&quot;:&quot;0.00301&quot;,&quot;title&quot;:&quot;&quot;,&quot;orientation&quot;:&quot;1&quot;}\" data-image-title=\"eglise Assieu\" data-image-description=\"\" data-image-caption=\"\" data-large-file=\"https:\/\/paroisse-notredame-sannedolon.fr\/mypress\/wp-content\/uploads\/2025\/09\/PXL_20250929_130844533-771x1024.jpg\" data-attachment-id=\"10653\" data-permalink=\"https:\/\/paroisse-notredame-sannedolon.fr\/pxl_20250929_130844533\/\" data-orig-file=\"https:\/\/paroisse-notredame-sannedolon.fr\/mypress\/wp-content\/uploads\/2025\/09\/PXL_20250929_130844533-scaled.jpg\" data-orig-size=\"1928,2560\" data-comments-opened=\"1\" data-image-meta=\"{&quot;aperture&quot;:&quot;1.68&quot;,&quot;credit&quot;:&quot;&quot;,&quot;camera&quot;:&quot;Pixel 9 Pro&quot;,&quot;caption&quot;:&quot;&quot;,&quot;created_timestamp&quot;:&quot;1759158524&quot;,&quot;copyright&quot;:&quot;&quot;,&quot;focal_length&quot;:&quot;6.9&quot;,&quot;iso&quot;:&quot;20&quot;,&quot;shutter_speed&quot;:&quot;0.00301&quot;,&quot;title&quot;:&quot;&quot;,&quot;orientation&quot;:&quot;1&quot;}\" data-image-title=\"eglise Assieu\" data-image-description=\"\" data-image-caption=\"\" data-large-file=\"https:\/\/paroisse-notredame-sannedolon.fr\/mypress\/wp-content\/uploads\/2025\/09\/PXL_20250929_130844533-771x1024.jpg\" role=\"button\" tabindex=\"0\" aria-label=\"Ouvrir l\u2019image 3 sur 10 en plein \u00e9cran\"srcset=\"https:\/\/i0.wp.com\/paroisse-notredame-sannedolon.fr\/mypress\/wp-content\/uploads\/2025\/09\/PXL_20250929_130844533-771x1024.jpg?strip=info&#038;w=600&#038;ssl=1 600w,https:\/\/i0.wp.com\/paroisse-notredame-sannedolon.fr\/mypress\/wp-content\/uploads\/2025\/09\/PXL_20250929_130844533-771x1024.jpg?strip=info&#038;w=900&#038;ssl=1 900w,https:\/\/i0.wp.com\/paroisse-notredame-sannedolon.fr\/mypress\/wp-content\/uploads\/2025\/09\/PXL_20250929_130844533-771x1024.jpg?strip=info&#038;w=1200&#038;ssl=1 1200w,https:\/\/i0.wp.com\/paroisse-notredame-sannedolon.fr\/mypress\/wp-content\/uploads\/2025\/09\/PXL_20250929_130844533-771x1024.jpg?strip=info&#038;w=1500&#038;ssl=1 1500w,https:\/\/i0.wp.com\/paroisse-notredame-sannedolon.fr\/mypress\/wp-content\/uploads\/2025\/09\/PXL_20250929_130844533-771x1024.jpg?strip=info&#038;w=1800&#038;ssl=1 1800w,https:\/\/i0.wp.com\/paroisse-notredame-sannedolon.fr\/mypress\/wp-content\/uploads\/2025\/09\/PXL_20250929_130844533-771x1024.jpg?strip=info&#038;w=1928&#038;ssl=1 1928w\" alt=\"\" data-height=\"2560\" data-id=\"10653\" data-link=\"https:\/\/paroisse-notredame-sannedolon.fr\/pxl_20250929_130844533\/\" data-url=\"https:\/\/paroisse-notredame-sannedolon.fr\/mypress\/wp-content\/uploads\/2025\/09\/PXL_20250929_130844533-771x1024.jpg\" data-width=\"1928\" src=\"https:\/\/i0.wp.com\/paroisse-notredame-sannedolon.fr\/mypress\/wp-content\/uploads\/2025\/09\/PXL_20250929_130844533-771x1024.jpg?ssl=1\" data-amp-layout=\"responsive\"\/><\/figure><\/div><div class=\"tiled-gallery__col\"><figure class=\"tiled-gallery__item\"><img decoding=\"async\" data-attachment-id=\"10651\" data-permalink=\"https:\/\/paroisse-notredame-sannedolon.fr\/pxl_20250929_1303511912\/\" data-orig-file=\"https:\/\/paroisse-notredame-sannedolon.fr\/mypress\/wp-content\/uploads\/2025\/09\/PXL_20250929_1303511912-scaled.jpg\" data-orig-size=\"1395,2560\" data-comments-opened=\"1\" data-image-meta=\"{&quot;aperture&quot;:&quot;1.68&quot;,&quot;credit&quot;:&quot;&quot;,&quot;camera&quot;:&quot;Pixel 9 Pro&quot;,&quot;caption&quot;:&quot;&quot;,&quot;created_timestamp&quot;:&quot;1759158231&quot;,&quot;copyright&quot;:&quot;&quot;,&quot;focal_length&quot;:&quot;6.9&quot;,&quot;iso&quot;:&quot;32&quot;,&quot;shutter_speed&quot;:&quot;0.007426&quot;,&quot;title&quot;:&quot;&quot;,&quot;orientation&quot;:&quot;1&quot;}\" data-image-title=\"vitraux assieu\" data-image-description=\"\" data-image-caption=\"\" data-large-file=\"https:\/\/paroisse-notredame-sannedolon.fr\/mypress\/wp-content\/uploads\/2025\/09\/PXL_20250929_1303511912-558x1024.jpg\" data-attachment-id=\"10651\" data-permalink=\"https:\/\/paroisse-notredame-sannedolon.fr\/pxl_20250929_1303511912\/\" data-orig-file=\"https:\/\/paroisse-notredame-sannedolon.fr\/mypress\/wp-content\/uploads\/2025\/09\/PXL_20250929_1303511912-scaled.jpg\" data-orig-size=\"1395,2560\" data-comments-opened=\"1\" data-image-meta=\"{&quot;aperture&quot;:&quot;1.68&quot;,&quot;credit&quot;:&quot;&quot;,&quot;camera&quot;:&quot;Pixel 9 Pro&quot;,&quot;caption&quot;:&quot;&quot;,&quot;created_timestamp&quot;:&quot;1759158231&quot;,&quot;copyright&quot;:&quot;&quot;,&quot;focal_length&quot;:&quot;6.9&quot;,&quot;iso&quot;:&quot;32&quot;,&quot;shutter_speed&quot;:&quot;0.007426&quot;,&quot;title&quot;:&quot;&quot;,&quot;orientation&quot;:&quot;1&quot;}\" data-image-title=\"vitraux assieu\" data-image-description=\"\" data-image-caption=\"\" data-large-file=\"https:\/\/paroisse-notredame-sannedolon.fr\/mypress\/wp-content\/uploads\/2025\/09\/PXL_20250929_1303511912-558x1024.jpg\" role=\"button\" tabindex=\"0\" aria-label=\"Ouvrir l\u2019image 4 sur 10 en plein \u00e9cran\"srcset=\"https:\/\/i0.wp.com\/paroisse-notredame-sannedolon.fr\/mypress\/wp-content\/uploads\/2025\/09\/PXL_20250929_1303511912-558x1024.jpg?strip=info&#038;w=600&#038;ssl=1 600w,https:\/\/i0.wp.com\/paroisse-notredame-sannedolon.fr\/mypress\/wp-content\/uploads\/2025\/09\/PXL_20250929_1303511912-558x1024.jpg?strip=info&#038;w=900&#038;ssl=1 900w,https:\/\/i0.wp.com\/paroisse-notredame-sannedolon.fr\/mypress\/wp-content\/uploads\/2025\/09\/PXL_20250929_1303511912-558x1024.jpg?strip=info&#038;w=1200&#038;ssl=1 1200w,https:\/\/i0.wp.com\/paroisse-notredame-sannedolon.fr\/mypress\/wp-content\/uploads\/2025\/09\/PXL_20250929_1303511912-558x1024.jpg?strip=info&#038;w=1395&#038;ssl=1 1395w\" alt=\"\" data-height=\"2560\" data-id=\"10651\" data-link=\"https:\/\/paroisse-notredame-sannedolon.fr\/pxl_20250929_1303511912\/\" data-url=\"https:\/\/paroisse-notredame-sannedolon.fr\/mypress\/wp-content\/uploads\/2025\/09\/PXL_20250929_1303511912-558x1024.jpg\" data-width=\"1395\" src=\"https:\/\/i0.wp.com\/paroisse-notredame-sannedolon.fr\/mypress\/wp-content\/uploads\/2025\/09\/PXL_20250929_1303511912-558x1024.jpg?ssl=1\" data-amp-layout=\"responsive\"\/><\/figure><\/div><\/div><div class=\"tiled-gallery__row\"><div class=\"tiled-gallery__col\" style=\"flex-basis:33.33333%\"><figure class=\"tiled-gallery__item\"><img decoding=\"async\" data-attachment-id=\"10660\" data-permalink=\"https:\/\/paroisse-notredame-sannedolon.fr\/pxl_20250929_1303177302\/\" data-orig-file=\"https:\/\/paroisse-notredame-sannedolon.fr\/mypress\/wp-content\/uploads\/2025\/09\/PXL_20250929_1303177302-scaled.jpg\" data-orig-size=\"1915,2560\" data-comments-opened=\"1\" data-image-meta=\"{&quot;aperture&quot;:&quot;1.68&quot;,&quot;credit&quot;:&quot;&quot;,&quot;camera&quot;:&quot;Pixel 9 Pro&quot;,&quot;caption&quot;:&quot;&quot;,&quot;created_timestamp&quot;:&quot;1759158197&quot;,&quot;copyright&quot;:&quot;&quot;,&quot;focal_length&quot;:&quot;6.9&quot;,&quot;iso&quot;:&quot;21&quot;,&quot;shutter_speed&quot;:&quot;0.001724&quot;,&quot;title&quot;:&quot;&quot;,&quot;orientation&quot;:&quot;1&quot;}\" data-image-title=\"Eglise Assieu\" data-image-description=\"\" data-image-caption=\"\" data-large-file=\"https:\/\/paroisse-notredame-sannedolon.fr\/mypress\/wp-content\/uploads\/2025\/09\/PXL_20250929_1303177302-766x1024.jpg\" data-attachment-id=\"10660\" data-permalink=\"https:\/\/paroisse-notredame-sannedolon.fr\/pxl_20250929_1303177302\/\" data-orig-file=\"https:\/\/paroisse-notredame-sannedolon.fr\/mypress\/wp-content\/uploads\/2025\/09\/PXL_20250929_1303177302-scaled.jpg\" data-orig-size=\"1915,2560\" data-comments-opened=\"1\" data-image-meta=\"{&quot;aperture&quot;:&quot;1.68&quot;,&quot;credit&quot;:&quot;&quot;,&quot;camera&quot;:&quot;Pixel 9 Pro&quot;,&quot;caption&quot;:&quot;&quot;,&quot;created_timestamp&quot;:&quot;1759158197&quot;,&quot;copyright&quot;:&quot;&quot;,&quot;focal_length&quot;:&quot;6.9&quot;,&quot;iso&quot;:&quot;21&quot;,&quot;shutter_speed&quot;:&quot;0.001724&quot;,&quot;title&quot;:&quot;&quot;,&quot;orientation&quot;:&quot;1&quot;}\" data-image-title=\"Eglise Assieu\" data-image-description=\"\" data-image-caption=\"\" data-large-file=\"https:\/\/paroisse-notredame-sannedolon.fr\/mypress\/wp-content\/uploads\/2025\/09\/PXL_20250929_1303177302-766x1024.jpg\" role=\"button\" tabindex=\"0\" aria-label=\"Ouvrir l\u2019image 5 sur 10 en plein \u00e9cran\"srcset=\"https:\/\/i0.wp.com\/paroisse-notredame-sannedolon.fr\/mypress\/wp-content\/uploads\/2025\/09\/PXL_20250929_1303177302-766x1024.jpg?strip=info&#038;w=600&#038;ssl=1 600w,https:\/\/i0.wp.com\/paroisse-notredame-sannedolon.fr\/mypress\/wp-content\/uploads\/2025\/09\/PXL_20250929_1303177302-766x1024.jpg?strip=info&#038;w=900&#038;ssl=1 900w,https:\/\/i0.wp.com\/paroisse-notredame-sannedolon.fr\/mypress\/wp-content\/uploads\/2025\/09\/PXL_20250929_1303177302-766x1024.jpg?strip=info&#038;w=1200&#038;ssl=1 1200w,https:\/\/i0.wp.com\/paroisse-notredame-sannedolon.fr\/mypress\/wp-content\/uploads\/2025\/09\/PXL_20250929_1303177302-766x1024.jpg?strip=info&#038;w=1500&#038;ssl=1 1500w,https:\/\/i0.wp.com\/paroisse-notredame-sannedolon.fr\/mypress\/wp-content\/uploads\/2025\/09\/PXL_20250929_1303177302-766x1024.jpg?strip=info&#038;w=1800&#038;ssl=1 1800w,https:\/\/i0.wp.com\/paroisse-notredame-sannedolon.fr\/mypress\/wp-content\/uploads\/2025\/09\/PXL_20250929_1303177302-766x1024.jpg?strip=info&#038;w=1915&#038;ssl=1 1915w\" alt=\"\" data-height=\"2560\" data-id=\"10660\" data-link=\"https:\/\/paroisse-notredame-sannedolon.fr\/pxl_20250929_1303177302\/\" data-url=\"https:\/\/paroisse-notredame-sannedolon.fr\/mypress\/wp-content\/uploads\/2025\/09\/PXL_20250929_1303177302-766x1024.jpg\" data-width=\"1915\" src=\"https:\/\/i0.wp.com\/paroisse-notredame-sannedolon.fr\/mypress\/wp-content\/uploads\/2025\/09\/PXL_20250929_1303177302-766x1024.jpg?ssl=1\" data-amp-layout=\"responsive\"\/><\/figure><\/div><div class=\"tiled-gallery__col\" style=\"flex-basis:33.33333%\"><figure class=\"tiled-gallery__item\"><img decoding=\"async\" data-attachment-id=\"10658\" data-permalink=\"https:\/\/paroisse-notredame-sannedolon.fr\/pxl_20250929_1306531392\/\" data-orig-file=\"https:\/\/paroisse-notredame-sannedolon.fr\/mypress\/wp-content\/uploads\/2025\/09\/PXL_20250929_1306531392-scaled.jpg\" data-orig-size=\"2560,1928\" data-comments-opened=\"1\" data-image-meta=\"{&quot;aperture&quot;:&quot;2.8&quot;,&quot;credit&quot;:&quot;&quot;,&quot;camera&quot;:&quot;Pixel 9 Pro&quot;,&quot;caption&quot;:&quot;&quot;,&quot;created_timestamp&quot;:&quot;1759158413&quot;,&quot;copyright&quot;:&quot;&quot;,&quot;focal_length&quot;:&quot;17.906&quot;,&quot;iso&quot;:&quot;95&quot;,&quot;shutter_speed&quot;:&quot;0.004343&quot;,&quot;title&quot;:&quot;&quot;,&quot;orientation&quot;:&quot;1&quot;}\" data-image-title=\"Eglise Assieu\" data-image-description=\"\" data-image-caption=\"\" data-large-file=\"https:\/\/paroisse-notredame-sannedolon.fr\/mypress\/wp-content\/uploads\/2025\/09\/PXL_20250929_1306531392-1024x771.jpg\" data-attachment-id=\"10658\" data-permalink=\"https:\/\/paroisse-notredame-sannedolon.fr\/pxl_20250929_1306531392\/\" data-orig-file=\"https:\/\/paroisse-notredame-sannedolon.fr\/mypress\/wp-content\/uploads\/2025\/09\/PXL_20250929_1306531392-scaled.jpg\" data-orig-size=\"2560,1928\" data-comments-opened=\"1\" data-image-meta=\"{&quot;aperture&quot;:&quot;2.8&quot;,&quot;credit&quot;:&quot;&quot;,&quot;camera&quot;:&quot;Pixel 9 Pro&quot;,&quot;caption&quot;:&quot;&quot;,&quot;created_timestamp&quot;:&quot;1759158413&quot;,&quot;copyright&quot;:&quot;&quot;,&quot;focal_length&quot;:&quot;17.906&quot;,&quot;iso&quot;:&quot;95&quot;,&quot;shutter_speed&quot;:&quot;0.004343&quot;,&quot;title&quot;:&quot;&quot;,&quot;orientation&quot;:&quot;1&quot;}\" data-image-title=\"Eglise Assieu\" data-image-description=\"\" data-image-caption=\"\" data-large-file=\"https:\/\/paroisse-notredame-sannedolon.fr\/mypress\/wp-content\/uploads\/2025\/09\/PXL_20250929_1306531392-1024x771.jpg\" role=\"button\" tabindex=\"0\" aria-label=\"Ouvrir l\u2019image 6 sur 10 en plein \u00e9cran\"srcset=\"https:\/\/i0.wp.com\/paroisse-notredame-sannedolon.fr\/mypress\/wp-content\/uploads\/2025\/09\/PXL_20250929_1306531392-1024x771.jpg?strip=info&#038;w=600&#038;ssl=1 600w,https:\/\/i0.wp.com\/paroisse-notredame-sannedolon.fr\/mypress\/wp-content\/uploads\/2025\/09\/PXL_20250929_1306531392-1024x771.jpg?strip=info&#038;w=900&#038;ssl=1 900w,https:\/\/i0.wp.com\/paroisse-notredame-sannedolon.fr\/mypress\/wp-content\/uploads\/2025\/09\/PXL_20250929_1306531392-1024x771.jpg?strip=info&#038;w=1200&#038;ssl=1 1200w,https:\/\/i0.wp.com\/paroisse-notredame-sannedolon.fr\/mypress\/wp-content\/uploads\/2025\/09\/PXL_20250929_1306531392-1024x771.jpg?strip=info&#038;w=1500&#038;ssl=1 1500w,https:\/\/i0.wp.com\/paroisse-notredame-sannedolon.fr\/mypress\/wp-content\/uploads\/2025\/09\/PXL_20250929_1306531392-1024x771.jpg?strip=info&#038;w=1800&#038;ssl=1 1800w,https:\/\/i0.wp.com\/paroisse-notredame-sannedolon.fr\/mypress\/wp-content\/uploads\/2025\/09\/PXL_20250929_1306531392-1024x771.jpg?strip=info&#038;w=2000&#038;ssl=1 2000w\" alt=\"\" data-height=\"1928\" data-id=\"10658\" data-link=\"https:\/\/paroisse-notredame-sannedolon.fr\/pxl_20250929_1306531392\/\" data-url=\"https:\/\/paroisse-notredame-sannedolon.fr\/mypress\/wp-content\/uploads\/2025\/09\/PXL_20250929_1306531392-1024x771.jpg\" data-width=\"2560\" src=\"https:\/\/i0.wp.com\/paroisse-notredame-sannedolon.fr\/mypress\/wp-content\/uploads\/2025\/09\/PXL_20250929_1306531392-1024x771.jpg?ssl=1\" data-amp-layout=\"responsive\"\/><\/figure><\/div><\/div><div class=\"tiled-gallery__row\"><div class=\"tiled-gallery__col\" style=\"flex-basis:25.00000%\"><figure class=\"tiled-gallery__item\"><img decoding=\"async\" data-attachment-id=\"10657\" data-permalink=\"https:\/\/paroisse-notredame-sannedolon.fr\/pxl_20250929_1307145172\/\" data-orig-file=\"https:\/\/paroisse-notredame-sannedolon.fr\/mypress\/wp-content\/uploads\/2025\/09\/PXL_20250929_1307145172-scaled.jpg\" data-orig-size=\"1396,2560\" data-comments-opened=\"1\" data-image-meta=\"{&quot;aperture&quot;:&quot;1.68&quot;,&quot;credit&quot;:&quot;&quot;,&quot;camera&quot;:&quot;Pixel 9 Pro&quot;,&quot;caption&quot;:&quot;&quot;,&quot;created_timestamp&quot;:&quot;1759158434&quot;,&quot;copyright&quot;:&quot;&quot;,&quot;focal_length&quot;:&quot;6.9&quot;,&quot;iso&quot;:&quot;58&quot;,&quot;shutter_speed&quot;:&quot;0.005089&quot;,&quot;title&quot;:&quot;&quot;,&quot;orientation&quot;:&quot;1&quot;}\" data-image-title=\"Eglise Assieu\" data-image-description=\"\" data-image-caption=\"\" data-large-file=\"https:\/\/paroisse-notredame-sannedolon.fr\/mypress\/wp-content\/uploads\/2025\/09\/PXL_20250929_1307145172-558x1024.jpg\" data-attachment-id=\"10657\" data-permalink=\"https:\/\/paroisse-notredame-sannedolon.fr\/pxl_20250929_1307145172\/\" data-orig-file=\"https:\/\/paroisse-notredame-sannedolon.fr\/mypress\/wp-content\/uploads\/2025\/09\/PXL_20250929_1307145172-scaled.jpg\" data-orig-size=\"1396,2560\" data-comments-opened=\"1\" data-image-meta=\"{&quot;aperture&quot;:&quot;1.68&quot;,&quot;credit&quot;:&quot;&quot;,&quot;camera&quot;:&quot;Pixel 9 Pro&quot;,&quot;caption&quot;:&quot;&quot;,&quot;created_timestamp&quot;:&quot;1759158434&quot;,&quot;copyright&quot;:&quot;&quot;,&quot;focal_length&quot;:&quot;6.9&quot;,&quot;iso&quot;:&quot;58&quot;,&quot;shutter_speed&quot;:&quot;0.005089&quot;,&quot;title&quot;:&quot;&quot;,&quot;orientation&quot;:&quot;1&quot;}\" data-image-title=\"Eglise Assieu\" data-image-description=\"\" data-image-caption=\"\" data-large-file=\"https:\/\/paroisse-notredame-sannedolon.fr\/mypress\/wp-content\/uploads\/2025\/09\/PXL_20250929_1307145172-558x1024.jpg\" role=\"button\" tabindex=\"0\" aria-label=\"Ouvrir l\u2019image 7 sur 10 en plein \u00e9cran\"srcset=\"https:\/\/i0.wp.com\/paroisse-notredame-sannedolon.fr\/mypress\/wp-content\/uploads\/2025\/09\/PXL_20250929_1307145172-558x1024.jpg?strip=info&#038;w=600&#038;ssl=1 600w,https:\/\/i0.wp.com\/paroisse-notredame-sannedolon.fr\/mypress\/wp-content\/uploads\/2025\/09\/PXL_20250929_1307145172-558x1024.jpg?strip=info&#038;w=900&#038;ssl=1 900w,https:\/\/i0.wp.com\/paroisse-notredame-sannedolon.fr\/mypress\/wp-content\/uploads\/2025\/09\/PXL_20250929_1307145172-558x1024.jpg?strip=info&#038;w=1200&#038;ssl=1 1200w,https:\/\/i0.wp.com\/paroisse-notredame-sannedolon.fr\/mypress\/wp-content\/uploads\/2025\/09\/PXL_20250929_1307145172-558x1024.jpg?strip=info&#038;w=1396&#038;ssl=1 1396w\" alt=\"\" data-height=\"2560\" data-id=\"10657\" data-link=\"https:\/\/paroisse-notredame-sannedolon.fr\/pxl_20250929_1307145172\/\" data-url=\"https:\/\/paroisse-notredame-sannedolon.fr\/mypress\/wp-content\/uploads\/2025\/09\/PXL_20250929_1307145172-558x1024.jpg\" data-width=\"1396\" src=\"https:\/\/i0.wp.com\/paroisse-notredame-sannedolon.fr\/mypress\/wp-content\/uploads\/2025\/09\/PXL_20250929_1307145172-558x1024.jpg?ssl=1\" data-amp-layout=\"responsive\"\/><\/figure><\/div><div class=\"tiled-gallery__col\" style=\"flex-basis:25.00000%\"><figure class=\"tiled-gallery__item\"><img decoding=\"async\" data-attachment-id=\"10656\" data-permalink=\"https:\/\/paroisse-notredame-sannedolon.fr\/pxl_20250929_1307248042\/\" data-orig-file=\"https:\/\/paroisse-notredame-sannedolon.fr\/mypress\/wp-content\/uploads\/2025\/09\/PXL_20250929_1307248042-scaled.jpg\" data-orig-size=\"1376,2560\" data-comments-opened=\"1\" data-image-meta=\"{&quot;aperture&quot;:&quot;1.68&quot;,&quot;credit&quot;:&quot;&quot;,&quot;camera&quot;:&quot;Pixel 9 Pro&quot;,&quot;caption&quot;:&quot;&quot;,&quot;created_timestamp&quot;:&quot;1759158444&quot;,&quot;copyright&quot;:&quot;&quot;,&quot;focal_length&quot;:&quot;6.9&quot;,&quot;iso&quot;:&quot;24&quot;,&quot;shutter_speed&quot;:&quot;0.010547&quot;,&quot;title&quot;:&quot;&quot;,&quot;orientation&quot;:&quot;1&quot;}\" data-image-title=\"Eglise Assieu\" data-image-description=\"\" data-image-caption=\"\" data-large-file=\"https:\/\/paroisse-notredame-sannedolon.fr\/mypress\/wp-content\/uploads\/2025\/09\/PXL_20250929_1307248042-550x1024.jpg\" data-attachment-id=\"10656\" data-permalink=\"https:\/\/paroisse-notredame-sannedolon.fr\/pxl_20250929_1307248042\/\" data-orig-file=\"https:\/\/paroisse-notredame-sannedolon.fr\/mypress\/wp-content\/uploads\/2025\/09\/PXL_20250929_1307248042-scaled.jpg\" data-orig-size=\"1376,2560\" data-comments-opened=\"1\" data-image-meta=\"{&quot;aperture&quot;:&quot;1.68&quot;,&quot;credit&quot;:&quot;&quot;,&quot;camera&quot;:&quot;Pixel 9 Pro&quot;,&quot;caption&quot;:&quot;&quot;,&quot;created_timestamp&quot;:&quot;1759158444&quot;,&quot;copyright&quot;:&quot;&quot;,&quot;focal_length&quot;:&quot;6.9&quot;,&quot;iso&quot;:&quot;24&quot;,&quot;shutter_speed&quot;:&quot;0.010547&quot;,&quot;title&quot;:&quot;&quot;,&quot;orientation&quot;:&quot;1&quot;}\" data-image-title=\"Eglise Assieu\" data-image-description=\"\" data-image-caption=\"\" data-large-file=\"https:\/\/paroisse-notredame-sannedolon.fr\/mypress\/wp-content\/uploads\/2025\/09\/PXL_20250929_1307248042-550x1024.jpg\" role=\"button\" tabindex=\"0\" aria-label=\"Ouvrir l\u2019image 8 sur 10 en plein \u00e9cran\"srcset=\"https:\/\/i0.wp.com\/paroisse-notredame-sannedolon.fr\/mypress\/wp-content\/uploads\/2025\/09\/PXL_20250929_1307248042-550x1024.jpg?strip=info&#038;w=600&#038;ssl=1 600w,https:\/\/i0.wp.com\/paroisse-notredame-sannedolon.fr\/mypress\/wp-content\/uploads\/2025\/09\/PXL_20250929_1307248042-550x1024.jpg?strip=info&#038;w=900&#038;ssl=1 900w,https:\/\/i0.wp.com\/paroisse-notredame-sannedolon.fr\/mypress\/wp-content\/uploads\/2025\/09\/PXL_20250929_1307248042-550x1024.jpg?strip=info&#038;w=1200&#038;ssl=1 1200w,https:\/\/i0.wp.com\/paroisse-notredame-sannedolon.fr\/mypress\/wp-content\/uploads\/2025\/09\/PXL_20250929_1307248042-550x1024.jpg?strip=info&#038;w=1376&#038;ssl=1 1376w\" alt=\"\" data-height=\"2560\" data-id=\"10656\" data-link=\"https:\/\/paroisse-notredame-sannedolon.fr\/pxl_20250929_1307248042\/\" data-url=\"https:\/\/paroisse-notredame-sannedolon.fr\/mypress\/wp-content\/uploads\/2025\/09\/PXL_20250929_1307248042-550x1024.jpg\" data-width=\"1376\" src=\"https:\/\/i0.wp.com\/paroisse-notredame-sannedolon.fr\/mypress\/wp-content\/uploads\/2025\/09\/PXL_20250929_1307248042-550x1024.jpg?ssl=1\" data-amp-layout=\"responsive\"\/><\/figure><\/div><div class=\"tiled-gallery__col\" style=\"flex-basis:25.00000%\"><figure class=\"tiled-gallery__item\"><img decoding=\"async\" data-attachment-id=\"10655\" data-permalink=\"https:\/\/paroisse-notredame-sannedolon.fr\/pxl_20250929_1307579082\/\" data-orig-file=\"https:\/\/paroisse-notredame-sannedolon.fr\/mypress\/wp-content\/uploads\/2025\/09\/PXL_20250929_1307579082-scaled.jpg\" data-orig-size=\"1537,2560\" data-comments-opened=\"1\" data-image-meta=\"{&quot;aperture&quot;:&quot;1.68&quot;,&quot;credit&quot;:&quot;&quot;,&quot;camera&quot;:&quot;Pixel 9 Pro&quot;,&quot;caption&quot;:&quot;&quot;,&quot;created_timestamp&quot;:&quot;1759158477&quot;,&quot;copyright&quot;:&quot;&quot;,&quot;focal_length&quot;:&quot;6.9&quot;,&quot;iso&quot;:&quot;68&quot;,&quot;shutter_speed&quot;:&quot;0.010854&quot;,&quot;title&quot;:&quot;&quot;,&quot;orientation&quot;:&quot;1&quot;}\" data-image-title=\"Eglise Assieu\" data-image-description=\"\" data-image-caption=\"\" data-large-file=\"https:\/\/paroisse-notredame-sannedolon.fr\/mypress\/wp-content\/uploads\/2025\/09\/PXL_20250929_1307579082-615x1024.jpg\" data-attachment-id=\"10655\" data-permalink=\"https:\/\/paroisse-notredame-sannedolon.fr\/pxl_20250929_1307579082\/\" data-orig-file=\"https:\/\/paroisse-notredame-sannedolon.fr\/mypress\/wp-content\/uploads\/2025\/09\/PXL_20250929_1307579082-scaled.jpg\" data-orig-size=\"1537,2560\" data-comments-opened=\"1\" data-image-meta=\"{&quot;aperture&quot;:&quot;1.68&quot;,&quot;credit&quot;:&quot;&quot;,&quot;camera&quot;:&quot;Pixel 9 Pro&quot;,&quot;caption&quot;:&quot;&quot;,&quot;created_timestamp&quot;:&quot;1759158477&quot;,&quot;copyright&quot;:&quot;&quot;,&quot;focal_length&quot;:&quot;6.9&quot;,&quot;iso&quot;:&quot;68&quot;,&quot;shutter_speed&quot;:&quot;0.010854&quot;,&quot;title&quot;:&quot;&quot;,&quot;orientation&quot;:&quot;1&quot;}\" data-image-title=\"Eglise Assieu\" data-image-description=\"\" data-image-caption=\"\" data-large-file=\"https:\/\/paroisse-notredame-sannedolon.fr\/mypress\/wp-content\/uploads\/2025\/09\/PXL_20250929_1307579082-615x1024.jpg\" role=\"button\" tabindex=\"0\" aria-label=\"Ouvrir l\u2019image 9 sur 10 en plein \u00e9cran\"srcset=\"https:\/\/i0.wp.com\/paroisse-notredame-sannedolon.fr\/mypress\/wp-content\/uploads\/2025\/09\/PXL_20250929_1307579082-615x1024.jpg?strip=info&#038;w=600&#038;ssl=1 600w,https:\/\/i0.wp.com\/paroisse-notredame-sannedolon.fr\/mypress\/wp-content\/uploads\/2025\/09\/PXL_20250929_1307579082-615x1024.jpg?strip=info&#038;w=900&#038;ssl=1 900w,https:\/\/i0.wp.com\/paroisse-notredame-sannedolon.fr\/mypress\/wp-content\/uploads\/2025\/09\/PXL_20250929_1307579082-615x1024.jpg?strip=info&#038;w=1200&#038;ssl=1 1200w,https:\/\/i0.wp.com\/paroisse-notredame-sannedolon.fr\/mypress\/wp-content\/uploads\/2025\/09\/PXL_20250929_1307579082-615x1024.jpg?strip=info&#038;w=1500&#038;ssl=1 1500w,https:\/\/i0.wp.com\/paroisse-notredame-sannedolon.fr\/mypress\/wp-content\/uploads\/2025\/09\/PXL_20250929_1307579082-615x1024.jpg?strip=info&#038;w=1537&#038;ssl=1 1537w\" alt=\"\" data-height=\"2560\" data-id=\"10655\" data-link=\"https:\/\/paroisse-notredame-sannedolon.fr\/pxl_20250929_1307579082\/\" data-url=\"https:\/\/paroisse-notredame-sannedolon.fr\/mypress\/wp-content\/uploads\/2025\/09\/PXL_20250929_1307579082-615x1024.jpg\" data-width=\"1537\" src=\"https:\/\/i0.wp.com\/paroisse-notredame-sannedolon.fr\/mypress\/wp-content\/uploads\/2025\/09\/PXL_20250929_1307579082-615x1024.jpg?ssl=1\" data-amp-layout=\"responsive\"\/><\/figure><\/div><div class=\"tiled-gallery__col\" style=\"flex-basis:25.00000%\"><figure class=\"tiled-gallery__item\"><img decoding=\"async\" data-attachment-id=\"10654\" data-permalink=\"https:\/\/paroisse-notredame-sannedolon.fr\/pxl_20250929_1308104382\/\" data-orig-file=\"https:\/\/paroisse-notredame-sannedolon.fr\/mypress\/wp-content\/uploads\/2025\/09\/PXL_20250929_1308104382-scaled.jpg\" data-orig-size=\"1360,2560\" data-comments-opened=\"1\" data-image-meta=\"{&quot;aperture&quot;:&quot;1.68&quot;,&quot;credit&quot;:&quot;&quot;,&quot;camera&quot;:&quot;Pixel 9 Pro&quot;,&quot;caption&quot;:&quot;&quot;,&quot;created_timestamp&quot;:&quot;1759158490&quot;,&quot;copyright&quot;:&quot;&quot;,&quot;focal_length&quot;:&quot;6.9&quot;,&quot;iso&quot;:&quot;20&quot;,&quot;shutter_speed&quot;:&quot;0.003536&quot;,&quot;title&quot;:&quot;&quot;,&quot;orientation&quot;:&quot;1&quot;}\" data-image-title=\"\u00e9glise Assieu\" data-image-description=\"\" data-image-caption=\"\" data-large-file=\"https:\/\/paroisse-notredame-sannedolon.fr\/mypress\/wp-content\/uploads\/2025\/09\/PXL_20250929_1308104382-544x1024.jpg\" data-attachment-id=\"10654\" data-permalink=\"https:\/\/paroisse-notredame-sannedolon.fr\/pxl_20250929_1308104382\/\" data-orig-file=\"https:\/\/paroisse-notredame-sannedolon.fr\/mypress\/wp-content\/uploads\/2025\/09\/PXL_20250929_1308104382-scaled.jpg\" data-orig-size=\"1360,2560\" data-comments-opened=\"1\" data-image-meta=\"{&quot;aperture&quot;:&quot;1.68&quot;,&quot;credit&quot;:&quot;&quot;,&quot;camera&quot;:&quot;Pixel 9 Pro&quot;,&quot;caption&quot;:&quot;&quot;,&quot;created_timestamp&quot;:&quot;1759158490&quot;,&quot;copyright&quot;:&quot;&quot;,&quot;focal_length&quot;:&quot;6.9&quot;,&quot;iso&quot;:&quot;20&quot;,&quot;shutter_speed&quot;:&quot;0.003536&quot;,&quot;title&quot;:&quot;&quot;,&quot;orientation&quot;:&quot;1&quot;}\" data-image-title=\"\u00e9glise Assieu\" data-image-description=\"\" data-image-caption=\"\" data-large-file=\"https:\/\/paroisse-notredame-sannedolon.fr\/mypress\/wp-content\/uploads\/2025\/09\/PXL_20250929_1308104382-544x1024.jpg\" role=\"button\" tabindex=\"0\" aria-label=\"Ouvrir l\u2019image 10 sur 10 en plein \u00e9cran\"srcset=\"https:\/\/i0.wp.com\/paroisse-notredame-sannedolon.fr\/mypress\/wp-content\/uploads\/2025\/09\/PXL_20250929_1308104382-544x1024.jpg?strip=info&#038;w=600&#038;ssl=1 600w,https:\/\/i0.wp.com\/paroisse-notredame-sannedolon.fr\/mypress\/wp-content\/uploads\/2025\/09\/PXL_20250929_1308104382-544x1024.jpg?strip=info&#038;w=900&#038;ssl=1 900w,https:\/\/i0.wp.com\/paroisse-notredame-sannedolon.fr\/mypress\/wp-content\/uploads\/2025\/09\/PXL_20250929_1308104382-544x1024.jpg?strip=info&#038;w=1200&#038;ssl=1 1200w,https:\/\/i0.wp.com\/paroisse-notredame-sannedolon.fr\/mypress\/wp-content\/uploads\/2025\/09\/PXL_20250929_1308104382-544x1024.jpg?strip=info&#038;w=1360&#038;ssl=1 1360w\" alt=\"\" data-height=\"2560\" data-id=\"10654\" data-link=\"https:\/\/paroisse-notredame-sannedolon.fr\/pxl_20250929_1308104382\/\" data-url=\"https:\/\/paroisse-notredame-sannedolon.fr\/mypress\/wp-content\/uploads\/2025\/09\/PXL_20250929_1308104382-544x1024.jpg\" data-width=\"1360\" src=\"https:\/\/i0.wp.com\/paroisse-notredame-sannedolon.fr\/mypress\/wp-content\/uploads\/2025\/09\/PXL_20250929_1308104382-544x1024.jpg?ssl=1\" data-amp-layout=\"responsive\"\/><\/figure><\/div><\/div><\/div><\/div><\/div>\n\n\n\n<p class=\"has-medium-font-size\"><br><\/p>\n","protected":false},"excerpt":{"rendered":"<p>\u00c9glise Saint Pierre-aux-liens Br\u00e8ve histoire de l&rsquo;\u00e9glise d&rsquo;Assieu \u00c9poque romaine : existence d&rsquo;une communaut\u00e9 attest\u00e9e par plusieurs d\u00e9couvertesde tuiles romaines1075 : Un lieu de culte d\u00e9di\u00e9 \u00e0 St Pierre est mentionn\u00e9 dans une charte contenuedans le cartulaire de St Andr\u00e9 le Bas.1661 : le parcellaire montre l&#8217;emplacement d&rsquo;une \u00e9glise. Cet \u2026 <a class=\"continue-reading-link\" href=\"https:\/\/paroisse-notredame-sannedolon.fr\/index.php\/nos-clochers\/assieu\/\">Lire la suite <span class=\"meta-nav\">&rarr; <\/span><\/a><\/p>\n","protected":false},"author":1,"featured_media":0,"parent":27,"menu_order":0,"comment_status":"closed","ping_status":"closed","template":"","meta":{"jetpack_post_was_ever_published":false,"footnotes":""},"class_list":["post-257","page","type-page","status-publish","hentry"],"jetpack_sharing_enabled":true,"jetpack_shortlink":"https:\/\/wp.me\/P7rrt2-49","_links":{"self":[{"href":"https:\/\/paroisse-notredame-sannedolon.fr\/index.php\/wp-json\/wp\/v2\/pages\/257","targetHints":{"allow":["GET"]}}],"collection":[{"href":"https:\/\/paroisse-notredame-sannedolon.fr\/index.php\/wp-json\/wp\/v2\/pages"}],"about":[{"href":"https:\/\/paroisse-notredame-sannedolon.fr\/index.php\/wp-json\/wp\/v2\/types\/page"}],"author":[{"embeddable":true,"href":"https:\/\/paroisse-notredame-sannedolon.fr\/index.php\/wp-json\/wp\/v2\/users\/1"}],"replies":[{"embeddable":true,"href":"https:\/\/paroisse-notredame-sannedolon.fr\/index.php\/wp-json\/wp\/v2\/comments?post=257"}],"version-history":[{"count":14,"href":"https:\/\/paroisse-notredame-sannedolon.fr\/index.php\/wp-json\/wp\/v2\/pages\/257\/revisions"}],"predecessor-version":[{"id":10938,"href":"https:\/\/paroisse-notredame-sannedolon.fr\/index.php\/wp-json\/wp\/v2\/pages\/257\/revisions\/10938"}],"up":[{"embeddable":true,"href":"https:\/\/paroisse-notredame-sannedolon.fr\/index.php\/wp-json\/wp\/v2\/pages\/27"}],"wp:attachment":[{"href":"https:\/\/paroisse-notredame-sannedolon.fr\/index.php\/wp-json\/wp\/v2\/media?parent=257"}],"curies":[{"name":"wp","href":"https:\/\/api.w.org\/{rel}","templated":true}]}}