{"id":250,"date":"2016-06-05T20:47:46","date_gmt":"2016-06-05T19:47:46","guid":{"rendered":"http:\/\/paroisse-notredame-sannedolon.fr\/?page_id=250"},"modified":"2025-11-22T22:34:22","modified_gmt":"2025-11-22T21:34:22","slug":"chambalud","status":"publish","type":"page","link":"https:\/\/paroisse-notredame-sannedolon.fr\/index.php\/nos-clochers\/chambalud\/","title":{"rendered":"Chambalud"},"content":{"rendered":"\n<p class=\"has-black-color has-text-color has-background has-link-color has-medium-font-size wp-elements-c446c99e5cfc1145c60e18fd2bfafbb9\" style=\"background-color:#7bb8de\"><strong>\u00c9glise Saint Ennemond<\/strong> <br>Ouverte tous les dimanches de 10H00 \u00e0 17H00<\/p>\n\n\n\n<p class=\"has-medium-font-size\"><br>Le b\u00e2timent pr\u00e9sente une architecture lombarde, le clocher est de caract\u00e8re roman, le presbyt\u00e8re serait plus ancien. Dans l&rsquo;\u00e9glise, des pleins cintres et des ogives de la fin du XII<sup>e<\/sup>\u00a0si\u00e8cle.<br><\/p>\n\n\n\n<div class=\"wp-block-media-text is-stacked-on-mobile\" style=\"grid-template-columns:41% auto\"><figure class=\"wp-block-media-text__media\"><img fetchpriority=\"high\" decoding=\"async\" width=\"768\" height=\"1024\" data-attachment-id=\"10948\" data-permalink=\"https:\/\/paroisse-notredame-sannedolon.fr\/eglise-de-chambalud\/\" data-orig-file=\"https:\/\/paroisse-notredame-sannedolon.fr\/mypress\/wp-content\/uploads\/2025\/11\/eglise-de-Chambalud.jpg\" data-orig-size=\"1024,1365\" data-comments-opened=\"1\" data-image-meta=\"{&quot;aperture&quot;:&quot;0&quot;,&quot;credit&quot;:&quot;&quot;,&quot;camera&quot;:&quot;&quot;,&quot;caption&quot;:&quot;&quot;,&quot;created_timestamp&quot;:&quot;0&quot;,&quot;copyright&quot;:&quot;&quot;,&quot;focal_length&quot;:&quot;0&quot;,&quot;iso&quot;:&quot;0&quot;,&quot;shutter_speed&quot;:&quot;0&quot;,&quot;title&quot;:&quot;&quot;,&quot;orientation&quot;:&quot;0&quot;}\" data-image-title=\"eglise de Chambalud\" data-image-description=\"\" data-image-caption=\"\" data-large-file=\"https:\/\/paroisse-notredame-sannedolon.fr\/mypress\/wp-content\/uploads\/2025\/11\/eglise-de-Chambalud-768x1024.jpg\" src=\"https:\/\/paroisse-notredame-sannedolon.fr\/mypress\/wp-content\/uploads\/2025\/11\/eglise-de-Chambalud-768x1024.jpg\" alt=\"\" class=\"wp-image-10948 size-full\" srcset=\"https:\/\/paroisse-notredame-sannedolon.fr\/mypress\/wp-content\/uploads\/2025\/11\/eglise-de-Chambalud-768x1024.jpg 768w, https:\/\/paroisse-notredame-sannedolon.fr\/mypress\/wp-content\/uploads\/2025\/11\/eglise-de-Chambalud-225x300.jpg 225w, https:\/\/paroisse-notredame-sannedolon.fr\/mypress\/wp-content\/uploads\/2025\/11\/eglise-de-Chambalud-113x150.jpg 113w, https:\/\/paroisse-notredame-sannedolon.fr\/mypress\/wp-content\/uploads\/2025\/11\/eglise-de-Chambalud.jpg 1024w\" sizes=\"(max-width: 768px) 100vw, 768px\" \/><\/figure><div class=\"wp-block-media-text__content\">\n<p class=\"has-medium-font-size\">D\u00e9di\u00e9e \u00e0 ST Ennemond, \u00e9v\u00eaque de Lyon du VIII\u00b0 &nbsp;si\u00e8cle est mort en martyr. Son corps laiss\u00e9 \u00e0 l\u2019abandon fut recueilli par les b\u00e9n\u00e9dictins de Saint Pierre de Lyon.<br>L\u2019\u00e9glise fut un lieu de p\u00e8lerinage, les archives font \u00e9tat que 700 \u00e0 800 p\u00e8lerins pouvaient venir \u00e0 la Saint Ennemond le 28 Septembre. On \u00e9voquait ce saint pour pr\u00e9server les enfants d&rsquo;une \u00e9pid\u00e9mie et l&rsquo;onguent St Ennemond ou \u00ab\u00a0Chambalud\u00a0\u00bb, m\u00e9dicament qui fit la popularit\u00e9 du cur\u00e9 de l&rsquo;\u00e9glise, avait la propri\u00e9t\u00e9 d&rsquo;\u00e9liminer les abc\u00e8s et furoncles. L&rsquo;\u00e9glise fut un prieur\u00e9 tr\u00e8s riche descendant des b\u00e9n\u00e9dictins de Cluny en Sa\u00f4ne et Loire.<\/p>\n<\/div><\/div>\n\n\n\n<p class=\"has-medium-font-size\"><\/p>\n\n\n\n<div class=\"wp-block-media-text has-media-on-the-right is-stacked-on-mobile\" style=\"grid-template-columns:auto 43%\"><div class=\"wp-block-media-text__content\">\n<p class=\"has-medium-font-size\">Le b\u00e2timent pr\u00e9sente une architecture lombarde, le clocher est de caract\u00e8re roman, le presbyt\u00e8re serait plus ancien. Dans l&rsquo;\u00e9glise, des pleins cintres et des ogives de la fin du XII<sup>e<\/sup>&nbsp;si\u00e8cle.<br>D\u00e9di\u00e9e \u00e0 ST Ennemond, \u00e9v\u00eaque de Lyon du VIII\u00b0 &nbsp;si\u00e8cle est mort en martyr. Son corps laiss\u00e9 \u00e0 l\u2019abandon fut recueilli par les b\u00e9n\u00e9dictins de Saint Pierre de Lyon.<br>L\u2019\u00e9glise fut un lieu de p\u00e8lerinage, les archives font \u00e9tat que 700 \u00e0 800 p\u00e8lerins pouvaient venir \u00e0 la Saint Ennemond le 28 Septembre. On \u00e9voquait ce saint pour pr\u00e9server les enfants d&rsquo;une \u00e9pid\u00e9mie et l&rsquo;onguent St Ennemond ou \u00ab\u00a0Chambalud\u00a0\u00bb, m\u00e9dicament qui fit la popularit\u00e9 du cur\u00e9 de l&rsquo;\u00e9glise, avait la propri\u00e9t\u00e9 d&rsquo;\u00e9liminer les abc\u00e8s et furoncles. L&rsquo;\u00e9glise fut un prieur\u00e9 tr\u00e8s riche descendant des b\u00e9n\u00e9dictins de Cluny en Sa\u00f4ne et Loire.<\/p>\n<\/div><figure class=\"wp-block-media-text__media\"><img decoding=\"async\" width=\"375\" height=\"500\" data-attachment-id=\"251\" data-permalink=\"https:\/\/paroisse-notredame-sannedolon.fr\/index.php\/nos-clochers\/chambalud\/eglise-chambalud-1\/\" data-orig-file=\"https:\/\/paroisse-notredame-sannedolon.fr\/mypress\/wp-content\/uploads\/2016\/06\/\u00e9glise-chambalud-1.jpg\" data-orig-size=\"375,500\" data-comments-opened=\"1\" data-image-meta=\"{&quot;aperture&quot;:&quot;5.6&quot;,&quot;credit&quot;:&quot;&quot;,&quot;camera&quot;:&quot;DSC-P100&quot;,&quot;caption&quot;:&quot;&quot;,&quot;created_timestamp&quot;:&quot;1192358971&quot;,&quot;copyright&quot;:&quot;&quot;,&quot;focal_length&quot;:&quot;7.9&quot;,&quot;iso&quot;:&quot;100&quot;,&quot;shutter_speed&quot;:&quot;0.003125&quot;,&quot;title&quot;:&quot;&quot;,&quot;orientation&quot;:&quot;1&quot;}\" data-image-title=\"\u00e9glise chambalud 1\" data-image-description=\"\" data-image-caption=\"\" data-large-file=\"https:\/\/paroisse-notredame-sannedolon.fr\/mypress\/wp-content\/uploads\/2016\/06\/\u00e9glise-chambalud-1.jpg\" src=\"https:\/\/paroisse-notredame-sannedolon.fr\/mypress\/wp-content\/uploads\/2016\/06\/\u00e9glise-chambalud-1.jpg\" alt=\"\" class=\"wp-image-251 size-full\" srcset=\"https:\/\/paroisse-notredame-sannedolon.fr\/mypress\/wp-content\/uploads\/2016\/06\/\u00e9glise-chambalud-1.jpg 375w, https:\/\/paroisse-notredame-sannedolon.fr\/mypress\/wp-content\/uploads\/2016\/06\/\u00e9glise-chambalud-1-225x300.jpg 225w, https:\/\/paroisse-notredame-sannedolon.fr\/mypress\/wp-content\/uploads\/2016\/06\/\u00e9glise-chambalud-1-113x150.jpg 113w\" sizes=\"(max-width: 375px) 100vw, 375px\" \/><\/figure><\/div>\n\n\n\n<p><\/p>\n","protected":false},"excerpt":{"rendered":"<p>\u00c9glise Saint Ennemond Ouverte tous les dimanches de 10H00 \u00e0 17H00 Le b\u00e2timent pr\u00e9sente une architecture lombarde, le clocher est de caract\u00e8re roman, le presbyt\u00e8re serait plus ancien. Dans l&rsquo;\u00e9glise, des pleins cintres et des ogives de la fin du XIIe\u00a0si\u00e8cle. D\u00e9di\u00e9e \u00e0 ST Ennemond, \u00e9v\u00eaque de Lyon du VIII\u00b0 \u2026 <a class=\"continue-reading-link\" href=\"https:\/\/paroisse-notredame-sannedolon.fr\/index.php\/nos-clochers\/chambalud\/\">Lire la suite <span class=\"meta-nav\">&rarr; <\/span><\/a><\/p>\n","protected":false},"author":1,"featured_media":0,"parent":27,"menu_order":0,"comment_status":"closed","ping_status":"closed","template":"","meta":{"jetpack_post_was_ever_published":false,"footnotes":""},"class_list":["post-250","page","type-page","status-publish","hentry"],"jetpack_sharing_enabled":true,"jetpack_shortlink":"https:\/\/wp.me\/P7rrt2-42","_links":{"self":[{"href":"https:\/\/paroisse-notredame-sannedolon.fr\/index.php\/wp-json\/wp\/v2\/pages\/250","targetHints":{"allow":["GET"]}}],"collection":[{"href":"https:\/\/paroisse-notredame-sannedolon.fr\/index.php\/wp-json\/wp\/v2\/pages"}],"about":[{"href":"https:\/\/paroisse-notredame-sannedolon.fr\/index.php\/wp-json\/wp\/v2\/types\/page"}],"author":[{"embeddable":true,"href":"https:\/\/paroisse-notredame-sannedolon.fr\/index.php\/wp-json\/wp\/v2\/users\/1"}],"replies":[{"embeddable":true,"href":"https:\/\/paroisse-notredame-sannedolon.fr\/index.php\/wp-json\/wp\/v2\/comments?post=250"}],"version-history":[{"count":16,"href":"https:\/\/paroisse-notredame-sannedolon.fr\/index.php\/wp-json\/wp\/v2\/pages\/250\/revisions"}],"predecessor-version":[{"id":10955,"href":"https:\/\/paroisse-notredame-sannedolon.fr\/index.php\/wp-json\/wp\/v2\/pages\/250\/revisions\/10955"}],"up":[{"embeddable":true,"href":"https:\/\/paroisse-notredame-sannedolon.fr\/index.php\/wp-json\/wp\/v2\/pages\/27"}],"wp:attachment":[{"href":"https:\/\/paroisse-notredame-sannedolon.fr\/index.php\/wp-json\/wp\/v2\/media?parent=250"}],"curies":[{"name":"wp","href":"https:\/\/api.w.org\/{rel}","templated":true}]}}