{"id":125,"date":"2016-04-26T12:54:01","date_gmt":"2016-04-26T11:54:01","guid":{"rendered":"http:\/\/paroisse-notredame-sannedolon.fr\/?page_id=125"},"modified":"2025-11-22T21:34:02","modified_gmt":"2025-11-22T20:34:02","slug":"anjou","status":"publish","type":"page","link":"https:\/\/paroisse-notredame-sannedolon.fr\/index.php\/nos-clochers\/anjou\/","title":{"rendered":"Agnin"},"content":{"rendered":"\n<p class=\"has-medium-font-size\"><strong>\u00c9glise Saint Martin<\/strong><br><strong>Les statues de l\u2019\u00e9glise&nbsp;:<\/strong><br>De nombreuses statues ornent l\u2019int\u00e9rieur de notre \u00e9glise. Lors des r\u00e9parations effectu\u00e9es au 20<sup>\u00e8me<\/sup> si\u00e8cle, elles ont toutes \u00e9t\u00e9 maintenues en place, contrairement \u00e0 d\u2019autres lieux. Quelques-unes sont du 19<sup>\u00e8me<\/sup> si\u00e8cle et les autres du d\u00e9but du 20<sup>\u00e8me<\/sup> si\u00e8cle. Quelle que soit leur date de r\u00e9alisation, elles ont toutes fait l\u2019objet de dons de la part de certaines familles d\u2019Agnin en reconnaissance ou en souvenir de certains \u00e9v\u00e8nements ou certaines personnes. Beaucoup ont \u00e9t\u00e9 donn\u00e9es apr\u00e8s la guerre de 1914-1918. Parmi les plus originales, nous pouvons citer&nbsp;: l\u2019enfant J\u00e9sus de Prague, Jeanne d\u2019Arc, St Martin, St Joseph\u2026<\/p>\n\n\n\n<figure class=\"wp-block-image size-large\"><img fetchpriority=\"high\" decoding=\"async\" width=\"1024\" height=\"461\" data-attachment-id=\"10903\" data-permalink=\"https:\/\/paroisse-notredame-sannedolon.fr\/3862242702641643703\/\" data-orig-file=\"https:\/\/paroisse-notredame-sannedolon.fr\/mypress\/wp-content\/uploads\/2025\/11\/3862242702641643703.jpg\" data-orig-size=\"1280,576\" data-comments-opened=\"1\" data-image-meta=\"{&quot;aperture&quot;:&quot;0&quot;,&quot;credit&quot;:&quot;&quot;,&quot;camera&quot;:&quot;&quot;,&quot;caption&quot;:&quot;&quot;,&quot;created_timestamp&quot;:&quot;0&quot;,&quot;copyright&quot;:&quot;&quot;,&quot;focal_length&quot;:&quot;0&quot;,&quot;iso&quot;:&quot;0&quot;,&quot;shutter_speed&quot;:&quot;0&quot;,&quot;title&quot;:&quot;&quot;,&quot;orientation&quot;:&quot;0&quot;}\" data-image-title=\"Eglise Agnin 2025\" data-image-description=\"\" data-image-caption=\"\" data-large-file=\"https:\/\/paroisse-notredame-sannedolon.fr\/mypress\/wp-content\/uploads\/2025\/11\/3862242702641643703-1024x461.jpg\" src=\"https:\/\/paroisse-notredame-sannedolon.fr\/mypress\/wp-content\/uploads\/2025\/11\/3862242702641643703-1024x461.jpg\" alt=\"\" class=\"wp-image-10903\" srcset=\"https:\/\/paroisse-notredame-sannedolon.fr\/mypress\/wp-content\/uploads\/2025\/11\/3862242702641643703-1024x461.jpg 1024w, https:\/\/paroisse-notredame-sannedolon.fr\/mypress\/wp-content\/uploads\/2025\/11\/3862242702641643703-300x135.jpg 300w, https:\/\/paroisse-notredame-sannedolon.fr\/mypress\/wp-content\/uploads\/2025\/11\/3862242702641643703-150x68.jpg 150w, https:\/\/paroisse-notredame-sannedolon.fr\/mypress\/wp-content\/uploads\/2025\/11\/3862242702641643703-250x113.jpg 250w, https:\/\/paroisse-notredame-sannedolon.fr\/mypress\/wp-content\/uploads\/2025\/11\/3862242702641643703.jpg 1280w\" sizes=\"(max-width: 1024px) 100vw, 1024px\" \/><\/figure>\n\n\n\n<p class=\"has-medium-font-size\"><strong>Les travaux de 1910-1911 :<br><\/strong>Depuis l\u2019ann\u00e9e 1903, le Conseil de Fabrique puis le Conseil paroissial avaient mis en garde le Conseil Municipal du danger existant \u00e0 cause de la v\u00e9tust\u00e9 du plafond de l\u2019\u00e9glise. Mais les finances \u00e9taient basses et l\u2019ambiance un peu tendue \u00e0 l\u2019\u00e9poque. En 1910, le Conseil Municipal passe un march\u00e9 de 1690 francs pour ces travaux avec les entrepreneurs les moins chers.<br>Ces travaux sont financ\u00e9s en grosse partie par des dons de la famille Jourdan. En 1911, l\u2019abb\u00e9 Givord, gr\u00e2ce \u00e0 des dons, peut payer trois vitraux et, l\u2019ann\u00e9e suivante, trois autres vitraux seront mis en place.<\/p>\n\n\n\n<p class=\"has-medium-font-size\"><strong>Le chauffage en 1969&nbsp;:<br><\/strong>Pour remplacer le po\u00eale \u00e0 bois qui \u00e9tait au milieu de l\u2019\u00e9glise, l\u2019entreprise Gouilloud de Lyon est charg\u00e9e de la mise en place d\u2019un chauffage au fuel \u00e0 air puls\u00e9 avec installation d\u2019une cuve de stockage dans le clocher. Une souscription des paroissiens permet cette installation.<br><strong>Les travaux de 1976-1977&nbsp;:<br><\/strong>Le 15 juillet, le Conseil Municipal d\u00e9cide des travaux suivants pour l\u2019\u00e9glise&nbsp;: renforcement du plafond, cr\u00e9pi et peinture ainsi que l\u2019installation \u00e9lectrique. Au vu du devis de 54000 francs, il est demand\u00e9 une participation aux paroissiens. La r\u00e9ception des travaux est faite le 1<sup>er<\/sup> f\u00e9vrier 1977 pour un montant total de 69000 francs.<br>Mr Faure, secr\u00e9taire de mairie, r\u00e9nove les cadres du chemin de croix<br><strong>Les bancs en 1979&nbsp;:<br><\/strong>Auparavant, chaque paroissien avait sa chaise \u00e0 son nom dans l\u2019\u00e9glise et un droit de place \u00e9tait pay\u00e9 au marguillier ou sacristain. Attention&nbsp;! Il ne fallait pas s\u2019installer sur une chaise qui ne vous appartenait pas&nbsp;! Les chaises ont \u00e9t\u00e9 progressivement enlev\u00e9es et remplac\u00e9es par des bancs de style identique, la plupart de ceux-ci ont \u00e9t\u00e9 mis en place en 1979.<\/p>\n\n\n\n<p class=\"has-medium-font-size\"><strong>Les travaux de 1988&nbsp;:<br><\/strong>L\u2019ann\u00e9e 1988 est importante pour notre \u00e9glise puisque le 25 janvier, il est d\u00e9cid\u00e9 de la r\u00e9fection de la toiture et des angles du clocher pour un montant de 253 795 francs.<\/p>\n\n\n\n<div class=\"wp-block-media-text has-media-on-the-right is-stacked-on-mobile\" style=\"grid-template-columns:auto 52%\"><div class=\"wp-block-media-text__content\">\n<p class=\"has-medium-font-size\">Un mois apr\u00e8s, il est d\u00e9cid\u00e9 de remplacer les vitraux de l\u2019abside. Les Verreries St Georges de Lyon sont charg\u00e9es de ces travaux pour un montant de 63 992 francs. Le vitrail m\u00e9dian repr\u00e9sente Saint Martin, patron de la paroisse.<\/p>\n<\/div><figure class=\"wp-block-media-text__media\"><img decoding=\"async\" width=\"1024\" height=\"461\" data-attachment-id=\"10900\" data-permalink=\"https:\/\/paroisse-notredame-sannedolon.fr\/3490146332670993176\/\" data-orig-file=\"https:\/\/paroisse-notredame-sannedolon.fr\/mypress\/wp-content\/uploads\/2025\/11\/3490146332670993176-e1763841290439.jpg\" data-orig-size=\"1200,540\" data-comments-opened=\"1\" data-image-meta=\"{&quot;aperture&quot;:&quot;0&quot;,&quot;credit&quot;:&quot;&quot;,&quot;camera&quot;:&quot;&quot;,&quot;caption&quot;:&quot;&quot;,&quot;created_timestamp&quot;:&quot;0&quot;,&quot;copyright&quot;:&quot;&quot;,&quot;focal_length&quot;:&quot;0&quot;,&quot;iso&quot;:&quot;0&quot;,&quot;shutter_speed&quot;:&quot;0&quot;,&quot;title&quot;:&quot;&quot;,&quot;orientation&quot;:&quot;0&quot;}\" data-image-title=\"vitraux Agnin\" data-image-description=\"\" data-image-caption=\"\" data-large-file=\"https:\/\/paroisse-notredame-sannedolon.fr\/mypress\/wp-content\/uploads\/2025\/11\/3490146332670993176-1024x461.jpg\" src=\"https:\/\/paroisse-notredame-sannedolon.fr\/mypress\/wp-content\/uploads\/2025\/11\/3490146332670993176-1024x461.jpg\" alt=\"\" class=\"wp-image-10900 size-full\"\/><\/figure><\/div>\n\n\n\n<div class=\"wp-block-media-text is-stacked-on-mobile\"><figure class=\"wp-block-media-text__media\"><img decoding=\"async\" width=\"1024\" height=\"566\" data-attachment-id=\"10906\" data-permalink=\"https:\/\/paroisse-notredame-sannedolon.fr\/4449325258405297556\/\" data-orig-file=\"https:\/\/paroisse-notredame-sannedolon.fr\/mypress\/wp-content\/uploads\/2025\/11\/4449325258405297556.jpg\" data-orig-size=\"1599,884\" data-comments-opened=\"1\" data-image-meta=\"{&quot;aperture&quot;:&quot;0&quot;,&quot;credit&quot;:&quot;&quot;,&quot;camera&quot;:&quot;&quot;,&quot;caption&quot;:&quot;&quot;,&quot;created_timestamp&quot;:&quot;0&quot;,&quot;copyright&quot;:&quot;&quot;,&quot;focal_length&quot;:&quot;0&quot;,&quot;iso&quot;:&quot;0&quot;,&quot;shutter_speed&quot;:&quot;0&quot;,&quot;title&quot;:&quot;&quot;,&quot;orientation&quot;:&quot;0&quot;}\" data-image-title=\"Horloge Agnin\" data-image-description=\"\" data-image-caption=\"\" data-large-file=\"https:\/\/paroisse-notredame-sannedolon.fr\/mypress\/wp-content\/uploads\/2025\/11\/4449325258405297556-1024x566.jpg\" src=\"https:\/\/paroisse-notredame-sannedolon.fr\/mypress\/wp-content\/uploads\/2025\/11\/4449325258405297556-1024x566.jpg\" alt=\"\" class=\"wp-image-10906 size-full\" srcset=\"https:\/\/paroisse-notredame-sannedolon.fr\/mypress\/wp-content\/uploads\/2025\/11\/4449325258405297556-1024x566.jpg 1024w, https:\/\/paroisse-notredame-sannedolon.fr\/mypress\/wp-content\/uploads\/2025\/11\/4449325258405297556-300x166.jpg 300w, https:\/\/paroisse-notredame-sannedolon.fr\/mypress\/wp-content\/uploads\/2025\/11\/4449325258405297556-1536x849.jpg 1536w, https:\/\/paroisse-notredame-sannedolon.fr\/mypress\/wp-content\/uploads\/2025\/11\/4449325258405297556-150x83.jpg 150w, https:\/\/paroisse-notredame-sannedolon.fr\/mypress\/wp-content\/uploads\/2025\/11\/4449325258405297556-250x138.jpg 250w, https:\/\/paroisse-notredame-sannedolon.fr\/mypress\/wp-content\/uploads\/2025\/11\/4449325258405297556-1320x730.jpg 1320w, https:\/\/paroisse-notredame-sannedolon.fr\/mypress\/wp-content\/uploads\/2025\/11\/4449325258405297556.jpg 1599w\" sizes=\"(max-width: 1024px) 100vw, 1024px\" \/><\/figure><div class=\"wp-block-media-text__content\">\n<p class=\"has-medium-font-size\">En 1988 encore, est d\u00e9cid\u00e9e la modernisation de l\u2019horloge du clocher pour un montant de 32 514 francs pour les fournitures, les travaux \u00e9tant faits b\u00e9n\u00e9volement par M. Pr\u00eatre en souvenir de son s\u00e9jour \u00e0 Agnin pendant sept ans.<\/p>\n<\/div><\/div>\n\n\n\n<p class=\"has-medium-font-size\">En 1994, am\u00e9nagement des abords par un plan inclin\u00e9 facilitant l\u2019acc\u00e8s \u00e0 toutes personnes tout en conservant l\u2019aspect ancien de l\u2019\u00e9difice.<\/p>\n\n\n\n<div class=\"wp-block-media-text has-media-on-the-right is-stacked-on-mobile\" style=\"grid-template-columns:auto 31%\"><div class=\"wp-block-media-text__content\">\n<p class=\"has-medium-font-size\"><strong><u>Liste des pr\u00eatres&nbsp;de la paroisse<\/u>&nbsp;:<br><\/strong>PACCALIN de 1899 \u00e0 1905<br>OLAGNON de 1905 \u00e0 1908.<br>GIVORD est rest\u00e9 20 ans. Il \u00e9tait de Pact et est all\u00e9 aussi \u00e0 Salaise.<br>PAILHAT de 1930 \u00e0 1932.<br>JAMET (Anjou) de 1932 \u00e0 1939.<br>BONNARDEL (Ville) de 1939 \u00e0 1945.<br>CHENAVAS No\u00ebl (Ville) de 1945 \u00e0 1962.<br>BERRUYER (Salaise) de 1962 \u00e0 1964.<br>MARTINET Victor (Chanas) de 1964 \u00e0 1991.<br>VANAUDENHOVE Andr\u00e9 de 1992 \u00e0 2006.<br>BEREKE Gr\u00e9goire en 2006.<br>LEFEBVRE Jean-Claude jusqu&rsquo;en 2018<br>MALRAISON Jean-Hugues 2018 \u00e0 2024<br>MOUDILOU Armand depuis septembre 2024.<\/p>\n<\/div><figure class=\"wp-block-media-text__media\"><img loading=\"lazy\" decoding=\"async\" width=\"461\" height=\"1024\" data-attachment-id=\"10913\" data-permalink=\"https:\/\/paroisse-notredame-sannedolon.fr\/990225923067635161\/\" data-orig-file=\"https:\/\/paroisse-notredame-sannedolon.fr\/mypress\/wp-content\/uploads\/2025\/11\/990225923067635161.jpg\" data-orig-size=\"720,1600\" data-comments-opened=\"1\" data-image-meta=\"{&quot;aperture&quot;:&quot;0&quot;,&quot;credit&quot;:&quot;&quot;,&quot;camera&quot;:&quot;&quot;,&quot;caption&quot;:&quot;&quot;,&quot;created_timestamp&quot;:&quot;0&quot;,&quot;copyright&quot;:&quot;&quot;,&quot;focal_length&quot;:&quot;0&quot;,&quot;iso&quot;:&quot;0&quot;,&quot;shutter_speed&quot;:&quot;0&quot;,&quot;title&quot;:&quot;&quot;,&quot;orientation&quot;:&quot;0&quot;}\" data-image-title=\"Eglise d\u00a0\u00bbAgnin\" data-image-description=\"\" data-image-caption=\"\" data-large-file=\"https:\/\/paroisse-notredame-sannedolon.fr\/mypress\/wp-content\/uploads\/2025\/11\/990225923067635161-461x1024.jpg\" src=\"https:\/\/paroisse-notredame-sannedolon.fr\/mypress\/wp-content\/uploads\/2025\/11\/990225923067635161-461x1024.jpg\" alt=\"\" class=\"wp-image-10913 size-full\" srcset=\"https:\/\/paroisse-notredame-sannedolon.fr\/mypress\/wp-content\/uploads\/2025\/11\/990225923067635161-461x1024.jpg 461w, https:\/\/paroisse-notredame-sannedolon.fr\/mypress\/wp-content\/uploads\/2025\/11\/990225923067635161-135x300.jpg 135w, https:\/\/paroisse-notredame-sannedolon.fr\/mypress\/wp-content\/uploads\/2025\/11\/990225923067635161-691x1536.jpg 691w, https:\/\/paroisse-notredame-sannedolon.fr\/mypress\/wp-content\/uploads\/2025\/11\/990225923067635161-68x150.jpg 68w, https:\/\/paroisse-notredame-sannedolon.fr\/mypress\/wp-content\/uploads\/2025\/11\/990225923067635161.jpg 720w\" sizes=\"(max-width: 461px) 100vw, 461px\" \/><\/figure><\/div>\n\n\n\n<p class=\"has-medium-font-size\"><\/p>\n\n\n\n<figure class=\"wp-block-image size-large\"><img loading=\"lazy\" decoding=\"async\" width=\"1024\" height=\"824\" data-attachment-id=\"10912\" data-permalink=\"https:\/\/paroisse-notredame-sannedolon.fr\/4117072685391671131\/\" data-orig-file=\"https:\/\/paroisse-notredame-sannedolon.fr\/mypress\/wp-content\/uploads\/2025\/11\/4117072685391671131.jpg\" data-orig-size=\"1108,892\" data-comments-opened=\"1\" data-image-meta=\"{&quot;aperture&quot;:&quot;0&quot;,&quot;credit&quot;:&quot;&quot;,&quot;camera&quot;:&quot;&quot;,&quot;caption&quot;:&quot;&quot;,&quot;created_timestamp&quot;:&quot;0&quot;,&quot;copyright&quot;:&quot;&quot;,&quot;focal_length&quot;:&quot;0&quot;,&quot;iso&quot;:&quot;0&quot;,&quot;shutter_speed&quot;:&quot;0&quot;,&quot;title&quot;:&quot;&quot;,&quot;orientation&quot;:&quot;0&quot;}\" data-image-title=\"Eglise Agnin\" data-image-description=\"\" data-image-caption=\"&lt;p&gt;Porte d&amp;rsquo;entr\u00e9e&lt;\/p&gt;\n\" data-large-file=\"https:\/\/paroisse-notredame-sannedolon.fr\/mypress\/wp-content\/uploads\/2025\/11\/4117072685391671131-1024x824.jpg\" src=\"https:\/\/paroisse-notredame-sannedolon.fr\/mypress\/wp-content\/uploads\/2025\/11\/4117072685391671131-1024x824.jpg\" alt=\"\" class=\"wp-image-10912\" srcset=\"https:\/\/paroisse-notredame-sannedolon.fr\/mypress\/wp-content\/uploads\/2025\/11\/4117072685391671131-1024x824.jpg 1024w, https:\/\/paroisse-notredame-sannedolon.fr\/mypress\/wp-content\/uploads\/2025\/11\/4117072685391671131-300x242.jpg 300w, https:\/\/paroisse-notredame-sannedolon.fr\/mypress\/wp-content\/uploads\/2025\/11\/4117072685391671131-150x121.jpg 150w, https:\/\/paroisse-notredame-sannedolon.fr\/mypress\/wp-content\/uploads\/2025\/11\/4117072685391671131-186x150.jpg 186w, https:\/\/paroisse-notredame-sannedolon.fr\/mypress\/wp-content\/uploads\/2025\/11\/4117072685391671131.jpg 1108w\" sizes=\"(max-width: 1024px) 100vw, 1024px\" \/><figcaption class=\"wp-element-caption\">Porte d&rsquo;entr\u00e9e<\/figcaption><\/figure>\n\n\n\n<p><\/p>\n","protected":false},"excerpt":{"rendered":"<p>\u00c9glise Saint MartinLes statues de l\u2019\u00e9glise&nbsp;:De nombreuses statues ornent l\u2019int\u00e9rieur de notre \u00e9glise. Lors des r\u00e9parations effectu\u00e9es au 20\u00e8me si\u00e8cle, elles ont toutes \u00e9t\u00e9 maintenues en place, contrairement \u00e0 d\u2019autres lieux. Quelques-unes sont du 19\u00e8me si\u00e8cle et les autres du d\u00e9but du 20\u00e8me si\u00e8cle. Quelle que soit leur date de \u2026 <a class=\"continue-reading-link\" href=\"https:\/\/paroisse-notredame-sannedolon.fr\/index.php\/nos-clochers\/anjou\/\">Lire la suite <span class=\"meta-nav\">&rarr; <\/span><\/a><\/p>\n","protected":false},"author":1,"featured_media":0,"parent":27,"menu_order":0,"comment_status":"closed","ping_status":"closed","template":"","meta":{"jetpack_post_was_ever_published":false,"footnotes":""},"class_list":["post-125","page","type-page","status-publish","hentry"],"jetpack_sharing_enabled":true,"jetpack_shortlink":"https:\/\/wp.me\/P7rrt2-21","_links":{"self":[{"href":"https:\/\/paroisse-notredame-sannedolon.fr\/index.php\/wp-json\/wp\/v2\/pages\/125","targetHints":{"allow":["GET"]}}],"collection":[{"href":"https:\/\/paroisse-notredame-sannedolon.fr\/index.php\/wp-json\/wp\/v2\/pages"}],"about":[{"href":"https:\/\/paroisse-notredame-sannedolon.fr\/index.php\/wp-json\/wp\/v2\/types\/page"}],"author":[{"embeddable":true,"href":"https:\/\/paroisse-notredame-sannedolon.fr\/index.php\/wp-json\/wp\/v2\/users\/1"}],"replies":[{"embeddable":true,"href":"https:\/\/paroisse-notredame-sannedolon.fr\/index.php\/wp-json\/wp\/v2\/comments?post=125"}],"version-history":[{"count":31,"href":"https:\/\/paroisse-notredame-sannedolon.fr\/index.php\/wp-json\/wp\/v2\/pages\/125\/revisions"}],"predecessor-version":[{"id":10922,"href":"https:\/\/paroisse-notredame-sannedolon.fr\/index.php\/wp-json\/wp\/v2\/pages\/125\/revisions\/10922"}],"up":[{"embeddable":true,"href":"https:\/\/paroisse-notredame-sannedolon.fr\/index.php\/wp-json\/wp\/v2\/pages\/27"}],"wp:attachment":[{"href":"https:\/\/paroisse-notredame-sannedolon.fr\/index.php\/wp-json\/wp\/v2\/media?parent=125"}],"curies":[{"name":"wp","href":"https:\/\/api.w.org\/{rel}","templated":true}]}}