{"id":11265,"date":"2026-01-25T08:50:05","date_gmt":"2026-01-25T07:50:05","guid":{"rendered":"https:\/\/paroisse-notredame-sannedolon.fr\/?page_id=11265"},"modified":"2026-03-08T21:22:57","modified_gmt":"2026-03-08T20:22:57","slug":"celebrations","status":"publish","type":"page","link":"https:\/\/paroisse-notredame-sannedolon.fr\/index.php\/celebrations\/","title":{"rendered":"C\u00e9l\u00e9brations"},"content":{"rendered":"\t\t<div data-elementor-type=\"wp-page\" data-elementor-id=\"11265\" class=\"elementor elementor-11265\">\n\t\t\t\t<div class=\"elementor-element elementor-element-ccac8e1 e-flex e-con-boxed e-con e-parent\" data-id=\"ccac8e1\" data-element_type=\"container\">\n\t\t\t\t\t<div class=\"e-con-inner\">\n\t\t\t\t<div class=\"elementor-element elementor-element-6740162 elementor-widget elementor-widget-heading\" data-id=\"6740162\" data-element_type=\"widget\" data-widget_type=\"heading.default\">\n\t\t\t\t\t<h3 class=\"elementor-heading-title elementor-size-default\">Chants messe \u00e0 ANJOU<\/h3>\t\t\t\t<\/div>\n\t\t\t\t\t<\/div>\n\t\t\t\t<\/div>\n\t\t<div class=\"elementor-element elementor-element-1e92984 e-flex e-con-boxed e-con e-parent\" data-id=\"1e92984\" data-element_type=\"container\">\n\t\t\t\t\t<div class=\"e-con-inner\">\n\t\t<div class=\"elementor-element elementor-element-b42363a e-con-full e-flex e-con e-child\" data-id=\"b42363a\" data-element_type=\"container\">\n\t\t\t\t<div class=\"elementor-element elementor-element-199567e elementor-widget__width-initial elementor-widget elementor-widget-image\" data-id=\"199567e\" data-element_type=\"widget\" data-widget_type=\"image.default\">\n\t\t\t\t\t\t\t\t\t\t\t\t\t\t\t<img fetchpriority=\"high\" decoding=\"async\" data-attachment-id=\"11431\" data-permalink=\"https:\/\/paroisse-notredame-sannedolon.fr\/dsc05639\/\" data-orig-file=\"https:\/\/paroisse-notredame-sannedolon.fr\/mypress\/wp-content\/uploads\/2026\/02\/DSC05639-scaled-e1771507923125.jpg\" data-orig-size=\"1200,676\" data-comments-opened=\"1\" data-image-meta=\"{&quot;aperture&quot;:&quot;3.2&quot;,&quot;credit&quot;:&quot;&quot;,&quot;camera&quot;:&quot;DSC-HX400V&quot;,&quot;caption&quot;:&quot;&quot;,&quot;created_timestamp&quot;:&quot;1771441021&quot;,&quot;copyright&quot;:&quot;&quot;,&quot;focal_length&quot;:&quot;7.47&quot;,&quot;iso&quot;:&quot;800&quot;,&quot;shutter_speed&quot;:&quot;0.025&quot;,&quot;title&quot;:&quot;&quot;,&quot;orientation&quot;:&quot;1&quot;}\" data-image-title=\"car\u00eame 2026\" data-image-description=\"\" data-image-caption=\"\" data-large-file=\"https:\/\/paroisse-notredame-sannedolon.fr\/mypress\/wp-content\/uploads\/2026\/02\/DSC05639-1024x577.jpg\" width=\"900\" height=\"507\" src=\"https:\/\/paroisse-notredame-sannedolon.fr\/mypress\/wp-content\/uploads\/2026\/02\/DSC05639-1024x577.jpg\" class=\"attachment-large size-large wp-image-11431\" alt=\"\" srcset=\"https:\/\/paroisse-notredame-sannedolon.fr\/mypress\/wp-content\/uploads\/2026\/02\/DSC05639-1024x577.jpg 1024w, https:\/\/paroisse-notredame-sannedolon.fr\/mypress\/wp-content\/uploads\/2026\/02\/DSC05639-300x169.jpg 300w, https:\/\/paroisse-notredame-sannedolon.fr\/mypress\/wp-content\/uploads\/2026\/02\/DSC05639-scaled-e1771507923125.jpg 1200w\" sizes=\"(max-width: 900px) 100vw, 900px\" data-attachment-id=\"11431\" data-permalink=\"https:\/\/paroisse-notredame-sannedolon.fr\/dsc05639\/\" data-orig-file=\"https:\/\/paroisse-notredame-sannedolon.fr\/mypress\/wp-content\/uploads\/2026\/02\/DSC05639-scaled-e1771507923125.jpg\" data-orig-size=\"1200,676\" data-comments-opened=\"1\" data-image-meta=\"{&quot;aperture&quot;:&quot;3.2&quot;,&quot;credit&quot;:&quot;&quot;,&quot;camera&quot;:&quot;DSC-HX400V&quot;,&quot;caption&quot;:&quot;&quot;,&quot;created_timestamp&quot;:&quot;1771441021&quot;,&quot;copyright&quot;:&quot;&quot;,&quot;focal_length&quot;:&quot;7.47&quot;,&quot;iso&quot;:&quot;800&quot;,&quot;shutter_speed&quot;:&quot;0.025&quot;,&quot;title&quot;:&quot;&quot;,&quot;orientation&quot;:&quot;1&quot;}\" data-image-title=\"car\u00eame 2026\" data-image-description=\"\" data-image-caption=\"\" data-large-file=\"https:\/\/paroisse-notredame-sannedolon.fr\/mypress\/wp-content\/uploads\/2026\/02\/DSC05639-1024x577.jpg\" \/>\t\t\t\t\t\t\t\t\t\t\t\t\t\t\t<\/div>\n\t\t\t\t<\/div>\n\t\t<div class=\"elementor-element elementor-element-f97ea92 e-con-full e-flex e-con e-child\" data-id=\"f97ea92\" data-element_type=\"container\">\n\t\t\t\t<div class=\"elementor-element elementor-element-a604c46 elementor-widget__width-initial elementor-widget elementor-widget-text-editor\" data-id=\"a604c46\" data-element_type=\"widget\" data-widget_type=\"text-editor.default\">\n\t\t\t\t\t\t\t\t\t<div><b>Dimanche 15 mars (4\u00e8me de car\u00eame)<\/b><\/div><div><strong>Entr\u00e9e :<\/strong> Lumi\u00e8re pour l&rsquo;homme aujourd&rsquo;hui<\/div><div>Ordinaire : Messe de l&rsquo;assembl\u00e9e<\/div><div><strong>Acclamation :<\/strong> <br \/>Gloire et louange \u00e0 toi, Seigneur J\u00e9sus.<\/div><div>Pr U : Notre P\u00e8re, notre P\u00e8re, nous te supplions humblement.<\/div><div><strong>Communion :<\/strong> Venez approchons-nous <br \/>( D74-15 )<\/div><div><strong>Final :<\/strong> Vivons en enfants de lumi\u00e8re (G 14-57<\/div>\t\t\t\t\t\t\t\t<\/div>\n\t\t\t\t<\/div>\n\t\t\t\t\t<\/div>\n\t\t\t\t<\/div>\n\t\t\t\t<\/div>\n\t\t","protected":false},"excerpt":{"rendered":"<p>Chants messe \u00e0 ANJOU Dimanche 15 mars (4\u00e8me de car\u00eame)Entr\u00e9e : Lumi\u00e8re pour l&rsquo;homme aujourd&rsquo;huiOrdinaire : Messe de l&rsquo;assembl\u00e9eAcclamation : Gloire et louange \u00e0 toi, Seigneur J\u00e9sus.Pr U : Notre P\u00e8re, notre P\u00e8re, nous te supplions humblement.Communion : Venez approchons-nous ( D74-15 )Final : Vivons en enfants de lumi\u00e8re (G \u2026 <a class=\"continue-reading-link\" href=\"https:\/\/paroisse-notredame-sannedolon.fr\/index.php\/celebrations\/\">Lire la suite <span class=\"meta-nav\">&rarr; <\/span><\/a><\/p>\n","protected":false},"author":1,"featured_media":0,"parent":0,"menu_order":0,"comment_status":"closed","ping_status":"closed","template":"","meta":{"jetpack_post_was_ever_published":true,"footnotes":""},"class_list":["post-11265","page","type-page","status-publish","hentry"],"jetpack_sharing_enabled":true,"jetpack_shortlink":"https:\/\/wp.me\/P7rrt2-2VH","_links":{"self":[{"href":"https:\/\/paroisse-notredame-sannedolon.fr\/index.php\/wp-json\/wp\/v2\/pages\/11265","targetHints":{"allow":["GET"]}}],"collection":[{"href":"https:\/\/paroisse-notredame-sannedolon.fr\/index.php\/wp-json\/wp\/v2\/pages"}],"about":[{"href":"https:\/\/paroisse-notredame-sannedolon.fr\/index.php\/wp-json\/wp\/v2\/types\/page"}],"author":[{"embeddable":true,"href":"https:\/\/paroisse-notredame-sannedolon.fr\/index.php\/wp-json\/wp\/v2\/users\/1"}],"replies":[{"embeddable":true,"href":"https:\/\/paroisse-notredame-sannedolon.fr\/index.php\/wp-json\/wp\/v2\/comments?post=11265"}],"version-history":[{"count":55,"href":"https:\/\/paroisse-notredame-sannedolon.fr\/index.php\/wp-json\/wp\/v2\/pages\/11265\/revisions"}],"predecessor-version":[{"id":11510,"href":"https:\/\/paroisse-notredame-sannedolon.fr\/index.php\/wp-json\/wp\/v2\/pages\/11265\/revisions\/11510"}],"wp:attachment":[{"href":"https:\/\/paroisse-notredame-sannedolon.fr\/index.php\/wp-json\/wp\/v2\/media?parent=11265"}],"curies":[{"name":"wp","href":"https:\/\/api.w.org\/{rel}","templated":true}]}}